{"id":11,"date":"2018-10-08T15:43:13","date_gmt":"2018-10-08T13:43:13","guid":{"rendered":"https:\/\/lecarreadministratif.fr\/?page_id=11"},"modified":"2020-11-24T11:02:17","modified_gmt":"2020-11-24T10:02:17","slug":"accueil","status":"publish","type":"page","link":"https:\/\/lecarreadministratif.fr\/","title":{"rendered":"Le carr\u00e9 administratif assistante administrative ind\u00e9pendante nord lille et environs"},"content":{"rendered":"<p>[et_pb_section fb_built=\u00a0\u00bb1&Prime; _builder_version=\u00a0\u00bb4.7.3&Prime; background_image=\u00a0\u00bbhttps:\/\/lecarreadministratif.fr\/wp-content\/uploads\/Le-carre-administratif-gere-pour-vous-e1545044248519.jpg\u00a0\u00bb custom_margin=\u00a0\u00bb||\u00a0\u00bb custom_padding=\u00a0\u00bb0px|0px|216px|0px|false|false\u00a0\u00bb hover_enabled=\u00a0\u00bb0&Prime; sticky_enabled=\u00a0\u00bb0&Prime;][et_pb_row custom_padding_last_edited=\u00a0\u00bbon|phone\u00a0\u00bb module_class=\u00a0\u00bb et_pb_row_fullwidth\u00a0\u00bb _builder_version=\u00a0\u00bb3.25&Prime; background_size=\u00a0\u00bbinitial\u00a0\u00bb background_position=\u00a0\u00bbtop_left\u00a0\u00bb background_repeat=\u00a0\u00bbrepeat\u00a0\u00bb width=\u00a0\u00bb100%\u00a0\u00bb width_tablet=\u00a0\u00bb100%\u00a0\u00bb width_phone=\u00a0\u00bb\u00a0\u00bb width_last_edited=\u00a0\u00bbon|desktop\u00a0\u00bb max_width=\u00a0\u00bb100%\u00a0\u00bb max_width_tablet=\u00a0\u00bb100%\u00a0\u00bb max_width_phone=\u00a0\u00bb\u00a0\u00bb max_width_last_edited=\u00a0\u00bbon|desktop\u00a0\u00bb custom_margin=\u00a0\u00bb|||\u00a0\u00bb custom_padding=\u00a0\u00bb52px|20px|2px|20px|false|false\u00a0\u00bb custom_padding_tablet=\u00a0\u00bb\u00a0\u00bb custom_padding_phone=\u00a0\u00bb0px|||\u00a0\u00bb make_fullwidth=\u00a0\u00bbon\u00a0\u00bb][et_pb_column type=\u00a0\u00bb4_4&Prime; _builder_version=\u00a0\u00bb3.25&Prime; custom_padding=\u00a0\u00bb|||\u00a0\u00bb custom_padding__hover=\u00a0\u00bb|||\u00a0\u00bb][et_pb_text admin_label=\u00a0\u00bbPr\u00e9sentation page d&rsquo;accueil Assistante Ind\u00e9pendante\u00a0\u00bb _builder_version=\u00a0\u00bb3.27.4&Prime; text_font=\u00a0\u00bbNunito Sans|700|||||||\u00a0\u00bb text_font_size=\u00a0\u00bb49px\u00a0\u00bb text_letter_spacing=\u00a0\u00bb7px\u00a0\u00bb header_font=\u00a0\u00bbNunito Sans|900||on|||||\u00a0\u00bb header_text_align=\u00a0\u00bbright\u00a0\u00bb header_font_size=\u00a0\u00bb39px\u00a0\u00bb header_line_height=\u00a0\u00bb1.9em\u00a0\u00bb header_2_font=\u00a0\u00bbNunito Sans|600||on|||||\u00a0\u00bb header_2_text_align=\u00a0\u00bbright\u00a0\u00bb header_2_font_size=\u00a0\u00bb17px\u00a0\u00bb header_2_line_height=\u00a0\u00bb1.6em\u00a0\u00bb header_3_font=\u00a0\u00bbNunito Sans|||on|||||\u00a0\u00bb header_3_text_align=\u00a0\u00bbright\u00a0\u00bb header_3_font_size=\u00a0\u00bb20px\u00a0\u00bb header_3_line_height=\u00a0\u00bb2.7em\u00a0\u00bb header_4_font=\u00a0\u00bbBrandon grotesque light||||||||\u00a0\u00bb header_4_text_align=\u00a0\u00bbright\u00a0\u00bb text_orientation=\u00a0\u00bbright\u00a0\u00bb custom_padding=\u00a0\u00bb16px||\u00a0\u00bb text_font_size_tablet=\u00a0\u00bb\u00a0\u00bb text_font_size_phone=\u00a0\u00bb\u00a0\u00bb text_font_size_last_edited=\u00a0\u00bbon|desktop\u00a0\u00bb header_font_size_tablet=\u00a0\u00bb\u00a0\u00bb header_font_size_phone=\u00a0\u00bb25px\u00a0\u00bb header_font_size_last_edited=\u00a0\u00bbon|phone\u00a0\u00bb header_2_font_size_tablet=\u00a0\u00bb\u00a0\u00bb header_2_font_size_phone=\u00a0\u00bb14px\u00a0\u00bb header_2_font_size_last_edited=\u00a0\u00bbon|phone\u00a0\u00bb]<\/p>\n<h2 style=\"text-align: right;\">D\u00e9l\u00e9guez vos t\u00e2ches administratives \u00e0 votre<\/h2>\n<h1 style=\"padding-left: 30px;\">Assistante<br \/> ind\u00e9pendante<\/h1>\n<h4>qui vous assure :<\/h4>\n<h3><em>\u00e9coute, confidentialit\u00e9, rigueur.<\/em><\/h3>\n<p>[\/et_pb_text][\/et_pb_column][\/et_pb_row][et_pb_row use_custom_gutter=\u00a0\u00bbon\u00a0\u00bb module_class=\u00a0\u00bb et_pb_row_fullwidth\u00a0\u00bb _builder_version=\u00a0\u00bb3.25&Prime; width=\u00a0\u00bb100%\u00a0\u00bb width_tablet=\u00a0\u00bb100%\u00a0\u00bb width_phone=\u00a0\u00bb\u00a0\u00bb width_last_edited=\u00a0\u00bbon|desktop\u00a0\u00bb max_width=\u00a0\u00bb100%\u00a0\u00bb max_width_tablet=\u00a0\u00bb100%\u00a0\u00bb max_width_phone=\u00a0\u00bb\u00a0\u00bb max_width_last_edited=\u00a0\u00bbon|desktop\u00a0\u00bb module_alignment=\u00a0\u00bbleft\u00a0\u00bb custom_margin=\u00a0\u00bb|||\u00a0\u00bb custom_padding=\u00a0\u00bb51px|20px|57px|20px|false|false\u00a0\u00bb make_fullwidth=\u00a0\u00bbon\u00a0\u00bb][et_pb_column type=\u00a0\u00bb4_4&Prime; _builder_version=\u00a0\u00bb3.25&Prime; custom_padding=\u00a0\u00bb|||80px\u00a0\u00bb custom_padding__hover=\u00a0\u00bb|||\u00a0\u00bb][et_pb_cta button_url=\u00a0\u00bbhttps:\/\/lecarreadministratif.fr\/index.php\/contact\/\u00a0\u00bb button_text=\u00a0\u00bbContact\u00a0\u00bb admin_label=\u00a0\u00bbAppel d&rsquo;action Me contacter\u00a0\u00bb _builder_version=\u00a0\u00bb4.7.3&Prime; background_color=\u00a0\u00bb#e94e1b\u00a0\u00bb custom_button=\u00a0\u00bbon\u00a0\u00bb button_text_size=\u00a0\u00bb28px\u00a0\u00bb button_border_width=\u00a0\u00bb8px\u00a0\u00bb button_border_radius=\u00a0\u00bb28px\u00a0\u00bb button_letter_spacing=\u00a0\u00bb6px\u00a0\u00bb button_font=\u00a0\u00bbBrandon grotesque bold|700|||||||\u00a0\u00bb button_icon=\u00a0\u00bb%%3%%\u00a0\u00bb button_icon_placement=\u00a0\u00bbleft\u00a0\u00bb button_alignment=\u00a0\u00bbleft\u00a0\u00bb custom_margin=\u00a0\u00bb9px|8px|0px|8px\u00a0\u00bb custom_padding=\u00a0\u00bb0px|21px|0px|21px\u00a0\u00bb animation_style=\u00a0\u00bbzoom\u00a0\u00bb hover_enabled=\u00a0\u00bb0&Prime; custom_css_main_element=\u00a0\u00bbfloat: left;\u00a0\u00bb border_radii=\u00a0\u00bbon|33px|33px|33px|33px\u00a0\u00bb sticky_enabled=\u00a0\u00bb0&Prime;][\/et_pb_cta][\/et_pb_column][\/et_pb_row][\/et_pb_section][et_pb_section fb_built=\u00a0\u00bb1&Prime; _builder_version=\u00a0\u00bb3.22&Prime; custom_padding=\u00a0\u00bb54px|0px|0|0px|false|false\u00a0\u00bb][et_pb_row _builder_version=\u00a0\u00bb4.7.3&Prime; background_size=\u00a0\u00bbinitial\u00a0\u00bb background_position=\u00a0\u00bbtop_left\u00a0\u00bb background_repeat=\u00a0\u00bbrepeat\u00a0\u00bb hover_enabled=\u00a0\u00bb0&Prime; sticky_enabled=\u00a0\u00bb0&Prime;][et_pb_column type=\u00a0\u00bb4_4&Prime; _builder_version=\u00a0\u00bb3.25&Prime; custom_padding=\u00a0\u00bb|||\u00a0\u00bb custom_padding__hover=\u00a0\u00bb|||\u00a0\u00bb][et_pb_text admin_label=\u00a0\u00bbPrestations d\u00e9di\u00e9es\u00a0\u00bb _builder_version=\u00a0\u00bb3.27.4&Prime; text_font=\u00a0\u00bbBrandon grotesque bold||||||||\u00a0\u00bb text_text_color=\u00a0\u00bbrgba(37,53,66,0.7)\u00a0\u00bb text_font_size=\u00a0\u00bb32px\u00a0\u00bb text_line_height=\u00a0\u00bb1.4em\u00a0\u00bb header_font=\u00a0\u00bbBrandon grotesque bold|900|||||||\u00a0\u00bb header_text_align=\u00a0\u00bbcenter\u00a0\u00bb header_text_color=\u00a0\u00bb#253542&Prime; header_font_size=\u00a0\u00bb40px\u00a0\u00bb header_letter_spacing=\u00a0\u00bb14px\u00a0\u00bb header_line_height=\u00a0\u00bb1.1em\u00a0\u00bb header_2_font=\u00a0\u00bbNunito Sans|900||on|||||\u00a0\u00bb header_2_text_align=\u00a0\u00bbcenter\u00a0\u00bb header_2_text_color=\u00a0\u00bb#253542&Prime; header_2_font_size=\u00a0\u00bb30px\u00a0\u00bb header_2_letter_spacing=\u00a0\u00bb7px\u00a0\u00bb header_2_line_height=\u00a0\u00bb1.4em\u00a0\u00bb max_width=\u00a0\u00bb600px\u00a0\u00bb module_alignment=\u00a0\u00bbleft\u00a0\u00bb]<\/p>\n<h2 style=\"text-align: center;\">prestations d\u00e9di\u00e9es<\/h2>\n<h2 style=\"text-align: center;\"><span style=\"font-size: small;\"><em>aux tpe, pme, artisans, commer\u00e7ants, professions lib\u00e9rales, &#8230;<\/em><\/span><\/h2>\n<p>[\/et_pb_text][\/et_pb_column][\/et_pb_row][\/et_pb_section][et_pb_section fb_built=\u00a0\u00bb1&Prime; use_custom_gutter=\u00a0\u00bbon\u00a0\u00bb gutter_width=\u00a0\u00bb2&Prime; specialty=\u00a0\u00bbon\u00a0\u00bb background_color_2=\u00a0\u00bbrgba(0,0,0,0.33)\u00a0\u00bb padding_left_1=\u00a0\u00bb0px\u00a0\u00bb padding_left_2=\u00a0\u00bb0px\u00a0\u00bb padding_1_tablet=\u00a0\u00bb\u00a0\u00bb padding_2_tablet=\u00a0\u00bb\u00a0\u00bb padding_1_phone=\u00a0\u00bb|16px||\u00a0\u00bb padding_2_phone=\u00a0\u00bb|0px||0px||\u00a0\u00bb padding_1_last_edited=\u00a0\u00bbon|phone\u00a0\u00bb padding_2_last_edited=\u00a0\u00bbon|phone\u00a0\u00bb module_class=\u00a0\u00bb et_pb_specialty_fullwidth\u00a0\u00bb _builder_version=\u00a0\u00bb3.22&Prime; inner_width=\u00a0\u00bb94%\u00a0\u00bb inner_width_tablet=\u00a0\u00bb80%\u00a0\u00bb inner_width_phone=\u00a0\u00bb\u00a0\u00bb inner_width_last_edited=\u00a0\u00bbon|desktop\u00a0\u00bb inner_max_width=\u00a0\u00bb94%\u00a0\u00bb inner_max_width_tablet=\u00a0\u00bb80%\u00a0\u00bb inner_max_width_phone=\u00a0\u00bb\u00a0\u00bb inner_max_width_last_edited=\u00a0\u00bbon|desktop\u00a0\u00bb custom_margin=\u00a0\u00bb|0px||1px\u00a0\u00bb custom_margin_tablet=\u00a0\u00bb\u00a0\u00bb custom_margin_phone=\u00a0\u00bb\u00a0\u00bb custom_margin_last_edited=\u00a0\u00bbon|desktop\u00a0\u00bb custom_padding=\u00a0\u00bb0px|28px|54px|0px|false|false\u00a0\u00bb border_color_all=\u00a0\u00bbrgba(255,255,255,0)\u00a0\u00bb border_style_all=\u00a0\u00bbnone\u00a0\u00bb make_fullwidth=\u00a0\u00bbon\u00a0\u00bb][et_pb_column type=\u00a0\u00bb2_3&Prime; specialty_columns=\u00a0\u00bb4&Prime; _builder_version=\u00a0\u00bb3.25&Prime; custom_padding=\u00a0\u00bb|||\u00a0\u00bb parallax__hover=\u00a0\u00bboff\u00a0\u00bb parallax_method__hover=\u00a0\u00bbon\u00a0\u00bb padding_phone__hover=\u00a0\u00bb|16px||\u00a0\u00bb padding_last_edited__hover=\u00a0\u00bbon|phone\u00a0\u00bb padding_left__hover=\u00a0\u00bb0px\u00a0\u00bb padding_phone=\u00a0\u00bb|16px||\u00a0\u00bb padding_last_edited=\u00a0\u00bbon|phone\u00a0\u00bb custom_padding__hover=\u00a0\u00bb|||\u00a0\u00bb][et_pb_row_inner column_structure=\u00a0\u00bb1_2,1_2&Prime; use_custom_gutter=\u00a0\u00bbon\u00a0\u00bb gutter_width=\u00a0\u00bb2&Prime; make_equal=\u00a0\u00bbon\u00a0\u00bb admin_label=\u00a0\u00bbLigne\u00a0\u00bb _builder_version=\u00a0\u00bb3.25&Prime; custom_margin=\u00a0\u00bb0px|0px||30px\u00a0\u00bb custom_padding=\u00a0\u00bb0|14px|25px|0|false|false\u00a0\u00bb][et_pb_column_inner type=\u00a0\u00bb1_2&Prime; saved_specialty_column_type=\u00a0\u00bb2_3&Prime; _builder_version=\u00a0\u00bb3.25&Prime; background_color=\u00a0\u00bb#e94e1b\u00a0\u00bb custom_padding=\u00a0\u00bb|||\u00a0\u00bb background_color__hover=\u00a0\u00bb#e94e1b\u00a0\u00bb parallax__hover=\u00a0\u00bboff\u00a0\u00bb parallax_method__hover=\u00a0\u00bbon\u00a0\u00bb custom_padding__hover=\u00a0\u00bb|||\u00a0\u00bb][et_pb_image src=\u00a0\u00bbhttps:\/\/lecarreadministratif.fr\/wp-content\/uploads\/dossier-gestion-administrative-Le-carre-administratif.png\u00a0\u00bb alt=\u00a0\u00bbgestion administrative &#8211; secr\u00e9taire ind\u00e9pendante Lillle\u00a0\u00bb title_text=\u00a0\u00bbgestion administrative &#8211; secr\u00e9taire ind\u00e9pendante Nord\u00a0\u00bb url=\u00a0\u00bbhttps:\/\/lecarreadministratif.fr\/index.php\/gestion-administrative\/\u00a0\u00bb align=\u00a0\u00bbcenter\u00a0\u00bb align_tablet=\u00a0\u00bbcenter\u00a0\u00bb align_phone=\u00a0\u00bb\u00a0\u00bb align_last_edited=\u00a0\u00bbon|desktop\u00a0\u00bb admin_label=\u00a0\u00bbIc\u00f4ne Gestion administrative\u00a0\u00bb _builder_version=\u00a0\u00bb3.23&Prime; custom_margin=\u00a0\u00bb30px||0px\u00a0\u00bb custom_padding=\u00a0\u00bb||0px\u00a0\u00bb][\/et_pb_image][et_pb_text admin_label=\u00a0\u00bbTitre Gestion administrative\u00a0\u00bb _builder_version=\u00a0\u00bb3.27.4&Prime; text_text_color=\u00a0\u00bb#ffffff\u00a0\u00bb header_font=\u00a0\u00bbBrandon grotesque bold||||||||\u00a0\u00bb header_2_font=\u00a0\u00bbBrandon grotesque bold||||||||\u00a0\u00bb custom_margin=\u00a0\u00bb40px||\u00a0\u00bb custom_padding=\u00a0\u00bb0px||0px\u00a0\u00bb]<\/p>\n<h2 style=\"text-align: center;\"><span style=\"color: #ffffff;\">GESTION ADMINISTRATIVE<\/span><\/h2>\n<p>[\/et_pb_text][et_pb_text admin_label=\u00a0\u00bbTexte gestion administrative\u00a0\u00bb _builder_version=\u00a0\u00bb3.27.4&Prime; text_font=\u00a0\u00bb||||||||\u00a0\u00bb text_text_color=\u00a0\u00bb#ffffff\u00a0\u00bb text_line_height=\u00a0\u00bb1.8em\u00a0\u00bb custom_margin=\u00a0\u00bb20px||52px\u00a0\u00bb]<\/p>\n<p style=\"text-align: center;\"><span style=\"color: #ffffff;\"><a style=\"color: #ffffff;\" href=\"https:\/\/lecarreadministratif.fr\/index.php\/gestion-administrative\/\">Une <strong>gestion administrative<\/strong> claire et<br \/> structur\u00e9e vous fera gagner<br \/> un temps pr\u00e9cieux.<\/a><\/span><\/p>\n<p>[\/et_pb_text][\/et_pb_column_inner][et_pb_column_inner type=\u00a0\u00bb1_2&Prime; saved_specialty_column_type=\u00a0\u00bb2_3&Prime; _builder_version=\u00a0\u00bb3.25&Prime; background_color=\u00a0\u00bb#706f6f\u00a0\u00bb custom_padding=\u00a0\u00bb|||\u00a0\u00bb background_color__hover=\u00a0\u00bb#706f6f\u00a0\u00bb parallax__hover=\u00a0\u00bboff\u00a0\u00bb parallax_method__hover=\u00a0\u00bbon\u00a0\u00bb custom_padding__hover=\u00a0\u00bb|||\u00a0\u00bb][et_pb_image src=\u00a0\u00bbhttps:\/\/lecarreadministratif.fr\/wp-content\/uploads\/gestion-commerciale-Le-carre-administratif.png\u00a0\u00bb alt=\u00a0\u00bbgestion commerciale &#8211; secr\u00e9taire ind\u00e9pendante Lille\u00a0\u00bb title_text=\u00a0\u00bbgestion commerciale &#8211; secr\u00e9taire ind\u00e9pendante armenti\u00e8res\u00a0\u00bb show_bottom_space=\u00a0\u00bboff\u00a0\u00bb align=\u00a0\u00bbcenter\u00a0\u00bb align_tablet=\u00a0\u00bbcenter\u00a0\u00bb align_phone=\u00a0\u00bb\u00a0\u00bb align_last_edited=\u00a0\u00bbon|desktop\u00a0\u00bb admin_label=\u00a0\u00bbIc\u00f4ne gestion commerciale\u00a0\u00bb _builder_version=\u00a0\u00bb3.23&Prime; custom_margin=\u00a0\u00bb30px||0px\u00a0\u00bb custom_padding=\u00a0\u00bb||0px\u00a0\u00bb][\/et_pb_image][et_pb_text admin_label=\u00a0\u00bbGestion commerciale\u00a0\u00bb _builder_version=\u00a0\u00bb3.27.4&Prime; header_font=\u00a0\u00bbBrandon grotesque bold||||||||\u00a0\u00bb header_2_font=\u00a0\u00bbBrandon grotesque bold||||||||\u00a0\u00bb custom_margin=\u00a0\u00bb40px||\u00a0\u00bb]<\/p>\n<h2 style=\"text-align: center;\"><span style=\"color: #ffffff;\">GESTION\u00a0 COMMERCIALE<\/span><\/h2>\n<p>[\/et_pb_text][et_pb_text admin_label=\u00a0\u00bbTexte gestion commerciale\u00a0\u00bb _builder_version=\u00a0\u00bb3.27.4&Prime; text_line_height=\u00a0\u00bb1.8em\u00a0\u00bb custom_margin=\u00a0\u00bb20px||52px\u00a0\u00bb]<\/p>\n<p style=\"text-align: center;\"><span style=\"color: #ffffff;\"><a style=\"color: #ffffff;\" href=\"https:\/\/lecarreadministratif.fr\/index.php\/gestion-commerciale\/\">Une <strong>gestion<\/strong><span style=\"color: #ffffff;\"><strong> commerciale<\/strong> qualitative\u00a0<\/span><\/a><a style=\"color: #ffffff;\" href=\"https:\/\/lecarreadministratif.fr\/index.php\/gestion-commerciale\/\"><br \/>\nest primordiale et\u00a0participe<\/a><a style=\"color: #ffffff;\" href=\"https:\/\/lecarreadministratif.fr\/index.php\/gestion-commerciale\/\"><br \/>\nau succ\u00e8s de votre entreprise.<\/a><\/span><\/p>\n<p>[\/et_pb_text][\/et_pb_column_inner][\/et_pb_row_inner][et_pb_row_inner column_structure=\u00a0\u00bb1_2,1_2&Prime; use_custom_gutter=\u00a0\u00bbon\u00a0\u00bb gutter_width=\u00a0\u00bb2&Prime; make_equal=\u00a0\u00bbon\u00a0\u00bb admin_label=\u00a0\u00bbLigne\u00a0\u00bb _builder_version=\u00a0\u00bb3.25&Prime; custom_margin=\u00a0\u00bb|0px||30px\u00a0\u00bb custom_padding=\u00a0\u00bb25px|14px||0|false|false\u00a0\u00bb][et_pb_column_inner type=\u00a0\u00bb1_2&Prime; saved_specialty_column_type=\u00a0\u00bb2_3&Prime; _builder_version=\u00a0\u00bb3.25&Prime; background_color=\u00a0\u00bb#e94e1b\u00a0\u00bb custom_padding=\u00a0\u00bb|||\u00a0\u00bb background_color__hover=\u00a0\u00bb#e94e1b\u00a0\u00bb parallax__hover=\u00a0\u00bboff\u00a0\u00bb parallax_method__hover=\u00a0\u00bbon\u00a0\u00bb custom_padding__hover=\u00a0\u00bb|||\u00a0\u00bb][et_pb_image src=\u00a0\u00bbhttps:\/\/lecarreadministratif.fr\/wp-content\/uploads\/gestion-des-ressources-humaines-Le-carre-administratif.png\u00a0\u00bb alt=\u00a0\u00bbGestion des ressources humaines &#8211; secr\u00e9taire ind\u00e9pendante Lille\u00a0\u00bb title_text=\u00a0\u00bbGestion des ressources humaines &#8211; secr\u00e9taire ind\u00e9pendante les Weppes\u00a0\u00bb align=\u00a0\u00bbcenter\u00a0\u00bb align_tablet=\u00a0\u00bbcenter\u00a0\u00bb align_phone=\u00a0\u00bb\u00a0\u00bb align_last_edited=\u00a0\u00bbon|desktop\u00a0\u00bb admin_label=\u00a0\u00bbIc\u00f4ne Gestion des Ressources Humaines\u00a0\u00bb _builder_version=\u00a0\u00bb3.23&Prime; background_color=\u00a0\u00bb#e94e1b\u00a0\u00bb custom_margin=\u00a0\u00bb30px||\u00a0\u00bb custom_padding=\u00a0\u00bb0px||\u00a0\u00bb][\/et_pb_image][et_pb_text admin_label=\u00a0\u00bbTitre Gestion de Ressources Humaines\u00a0\u00bb _builder_version=\u00a0\u00bb3.27.4&Prime; text_font=\u00a0\u00bbBrandon grotesque bold||||||||\u00a0\u00bb header_font=\u00a0\u00bbBrandon grotesque bold||||||||\u00a0\u00bb background_color=\u00a0\u00bb#e94e1b\u00a0\u00bb text_orientation=\u00a0\u00bbcenter\u00a0\u00bb custom_margin=\u00a0\u00bb40px||\u00a0\u00bb]<\/p>\n<h2><span style=\"color: #ffffff;\">GESTION DES RESSOURCES HUMAINES<\/span><\/h2>\n<p>[\/et_pb_text][et_pb_text admin_label=\u00a0\u00bbTexte Gestion des Ressources Humaines\u00a0\u00bb _builder_version=\u00a0\u00bb3.27.4&Prime; text_font=\u00a0\u00bb||||||||\u00a0\u00bb text_text_color=\u00a0\u00bb#ffffff\u00a0\u00bb text_line_height=\u00a0\u00bb1.8em\u00a0\u00bb background_color=\u00a0\u00bb#e94e1b\u00a0\u00bb custom_margin=\u00a0\u00bb20px||52px\u00a0\u00bb]<\/p>\n<p style=\"text-align: center;\"><span style=\"color: #ffffff;\"><a href=\"https:\/\/lecarreadministratif.fr\/index.php\/gestion-des-ressources-humaines\/\" style=\"color: #ffffff;\">Effectuer un <strong>recrutement<\/strong> efficace,<br \/> bien int\u00e9grer ses nouveaux salari\u00e9s et<br \/> leur permettre de se sentir bien dans <\/a><a href=\"https:\/\/lecarreadministratif.fr\/index.php\/gestion-des-ressources-humaines\/\" style=\"color: #ffffff;\"><br \/> votre entreprise favorisera une productivit\u00e9 optimale.<\/a><\/span><\/p>\n<p>[\/et_pb_text][\/et_pb_column_inner][et_pb_column_inner type=\u00a0\u00bb1_2&Prime; saved_specialty_column_type=\u00a0\u00bb2_3&Prime; _builder_version=\u00a0\u00bb3.25&Prime; background_color=\u00a0\u00bb#706f6f\u00a0\u00bb custom_padding=\u00a0\u00bb|||\u00a0\u00bb background_color__hover=\u00a0\u00bb#706f6f\u00a0\u00bb parallax__hover=\u00a0\u00bboff\u00a0\u00bb parallax_method__hover=\u00a0\u00bbon\u00a0\u00bb custom_padding__hover=\u00a0\u00bb|||\u00a0\u00bb][et_pb_image src=\u00a0\u00bbhttps:\/\/lecarreadministratif.fr\/wp-content\/uploads\/gestion-de-lactivite-Le-carre-administratif.png\u00a0\u00bb alt=\u00a0\u00bbaide \u00e0 la gestion d&rsquo;entreprise &#8211; secr\u00e9taire ind\u00e9pendante Lille\u00a0\u00bb title_text=\u00a0\u00bbaide \u00e0 la gestion d&rsquo;entreprise  &#8211; secr\u00e9taire ind\u00e9pendante armenti\u00e8res\u00a0\u00bb align=\u00a0\u00bbcenter\u00a0\u00bb align_tablet=\u00a0\u00bbcenter\u00a0\u00bb align_phone=\u00a0\u00bb\u00a0\u00bb align_last_edited=\u00a0\u00bbon|desktop\u00a0\u00bb admin_label=\u00a0\u00bbIc\u00f4ne Gestion de l&rsquo;activit\u00e9\u00a0\u00bb _builder_version=\u00a0\u00bb3.23&Prime; custom_margin=\u00a0\u00bb30px||\u00a0\u00bb][\/et_pb_image][et_pb_text admin_label=\u00a0\u00bbTitre Gestion de l&rsquo;activit\u00e9\u00a0\u00bb _builder_version=\u00a0\u00bb3.27.4&Prime; header_font=\u00a0\u00bbBrandon grotesque bold||||||||\u00a0\u00bb header_2_font=\u00a0\u00bbBrandon grotesque bold||||||||\u00a0\u00bb custom_margin=\u00a0\u00bb40px||\u00a0\u00bb]<\/p>\n<h2 style=\"text-align: center;\"><span style=\"color: #ffffff;\">GESTION DE L&rsquo;ACTIVITE DE VOTRE ENTREPRISE<\/span><\/h2>\n<p>[\/et_pb_text][et_pb_text admin_label=\u00a0\u00bbTexte Gestion de l&rsquo;activit\u00e9\u00a0\u00bb _builder_version=\u00a0\u00bb3.27.4&Prime; text_font=\u00a0\u00bb||||||||\u00a0\u00bb custom_margin=\u00a0\u00bb20px||52px\u00a0\u00bb]<\/p>\n<p style=\"text-align: center;\"><span style=\"color: #ffffff;\"><a href=\"https:\/\/lecarreadministratif.fr\/index.php\/gestion-de-lactivite\/\" style=\"color: #ffffff;\">Planifier la r\u00e9ussite de votre entreprise<br \/> <\/a><a href=\"https:\/\/lecarreadministratif.fr\/index.php\/gestion-de-lactivite\/\" style=\"color: #ffffff;\">\u00e0 travers un suivi r\u00e9gulier de votre <strong>budget<\/strong><br \/> <\/a><a href=\"https:\/\/lecarreadministratif.fr\/index.php\/gestion-de-lactivite\/\" style=\"color: #ffffff;\">et de votre <strong>tr\u00e9sorerie<\/strong>.<\/a><\/span><\/p>\n<p>[\/et_pb_text][\/et_pb_column_inner][\/et_pb_row_inner][et_pb_row_inner admin_label=\u00a0\u00bbLigne\u00a0\u00bb _builder_version=\u00a0\u00bb3.25&Prime; custom_margin=\u00a0\u00bb|||23px\u00a0\u00bb custom_margin_tablet=\u00a0\u00bb\u00a0\u00bb custom_margin_phone=\u00a0\u00bb|||24px\u00a0\u00bb custom_margin_last_edited=\u00a0\u00bbon|phone\u00a0\u00bb custom_padding=\u00a0\u00bb|0px||0|false|false\u00a0\u00bb][et_pb_column_inner saved_specialty_column_type=\u00a0\u00bb2_3&Prime; _builder_version=\u00a0\u00bb3.25&Prime; custom_padding=\u00a0\u00bb|||\u00a0\u00bb parallax__hover=\u00a0\u00bboff\u00a0\u00bb parallax_method__hover=\u00a0\u00bbon\u00a0\u00bb custom_padding__hover=\u00a0\u00bb|||\u00a0\u00bb][et_pb_text admin_label=\u00a0\u00bbQuestions que vous vous posez\u00a0\u00bb module_id=\u00a0\u00bbreponses\u00a0\u00bb _builder_version=\u00a0\u00bb3.27.4&Prime; text_font=\u00a0\u00bb||||||||\u00a0\u00bb header_font=\u00a0\u00bb||||||||\u00a0\u00bb header_text_align=\u00a0\u00bbjustify\u00a0\u00bb header_text_color=\u00a0\u00bb#e94e1b\u00a0\u00bb header_font_size=\u00a0\u00bb28px\u00a0\u00bb header_line_height=\u00a0\u00bb1.5em\u00a0\u00bb header_2_font=\u00a0\u00bb||||||||\u00a0\u00bb header_2_text_align=\u00a0\u00bbleft\u00a0\u00bb header_2_font_size=\u00a0\u00bb20px\u00a0\u00bb header_2_line_height=\u00a0\u00bb1.6em\u00a0\u00bb background_color=\u00a0\u00bbrgba(0,0,0,0.43)\u00a0\u00bb custom_margin=\u00a0\u00bb0px|10px||10px\u00a0\u00bb custom_margin_tablet=\u00a0\u00bb\u00a0\u00bb custom_margin_phone=\u00a0\u00bb\u00a0\u00bb custom_margin_last_edited=\u00a0\u00bbon|phone\u00a0\u00bb custom_padding=\u00a0\u00bb20px|25px|20px|25px\u00a0\u00bb link_option_url=\u00a0\u00bbhttps:\/\/lecarreadministratif.fr\/index.php\/questions-que-vous-vous-posez-concernant-les-secretaires-independantes\/#reponses\u00a0\u00bb header_font_size_tablet=\u00a0\u00bb\u00a0\u00bb header_font_size_phone=\u00a0\u00bb26px\u00a0\u00bb header_font_size_last_edited=\u00a0\u00bbon|phone\u00a0\u00bb header_2_font_size_tablet=\u00a0\u00bb\u00a0\u00bb header_2_font_size_phone=\u00a0\u00bb20px\u00a0\u00bb header_2_font_size_last_edited=\u00a0\u00bbon|phone\u00a0\u00bb]<\/p>\n<h1 style=\"padding-left: 30px; text-align: center;padding-right: 30px\"><span style=\"color: #e94e1b;\">Questions que vous vous posez sur votre <strong>secr\u00e9taire ind\u00e9pendante<\/strong> <\/span><\/h1>\n<ul>\n<li>\n<h2>Pourquoi faire appel \u00e0 une <strong>assistante administrative ind\u00e9pendante<\/strong> ?<\/h2>\n<\/li>\n<li>\n<h2>Que fait une <strong>secr\u00e9taire ind\u00e9pendante ?<\/strong><\/h2>\n<\/li>\n<li>\n<h2><strong><\/strong>Comment choisir son <strong>assistante ind\u00e9pendante<\/strong> ?<\/h2>\n<h2><\/h2>\n<\/li>\n<\/ul>\n<p>[\/et_pb_text][\/et_pb_column_inner][\/et_pb_row_inner][\/et_pb_column][et_pb_column type=\u00a0\u00bb1_3&Prime; _builder_version=\u00a0\u00bb3.25&Prime; background_color=\u00a0\u00bbrgba(0,0,0,0.33)\u00a0\u00bb custom_padding=\u00a0\u00bb|||\u00a0\u00bb background_color__hover=\u00a0\u00bbrgba(0,0,0,0.33)\u00a0\u00bb parallax__hover=\u00a0\u00bboff\u00a0\u00bb parallax_method__hover=\u00a0\u00bbon\u00a0\u00bb padding_phone__hover=\u00a0\u00bb|0px||0px||\u00a0\u00bb padding_last_edited__hover=\u00a0\u00bbon|phone\u00a0\u00bb padding_left__hover=\u00a0\u00bb0px\u00a0\u00bb padding_phone=\u00a0\u00bb|0px||0px||\u00a0\u00bb padding_last_edited=\u00a0\u00bbon|phone\u00a0\u00bb custom_padding__hover=\u00a0\u00bb|||\u00a0\u00bb][et_pb_text admin_label=\u00a0\u00bbVos avantages\u00a0\u00bb _builder_version=\u00a0\u00bb3.27.4&Prime; text_font=\u00a0\u00bbBrandon grotesque medium||||||||\u00a0\u00bb text_font_size=\u00a0\u00bb8px\u00a0\u00bb text_line_height=\u00a0\u00bb1.8em\u00a0\u00bb header_font=\u00a0\u00bbBrandon grotesque black|800|||||||\u00a0\u00bb header_font_size=\u00a0\u00bb49px\u00a0\u00bb header_letter_spacing=\u00a0\u00bb4px\u00a0\u00bb header_2_font=\u00a0\u00bbNunito Sans|800|||||||\u00a0\u00bb header_2_text_align=\u00a0\u00bbcenter\u00a0\u00bb header_2_font_size=\u00a0\u00bb36px\u00a0\u00bb header_2_letter_spacing=\u00a0\u00bb5px\u00a0\u00bb header_2_line_height=\u00a0\u00bb1.4em\u00a0\u00bb background_layout=\u00a0\u00bbdark\u00a0\u00bb custom_margin=\u00a0\u00bb31px|67px|60px|67px\u00a0\u00bb custom_padding=\u00a0\u00bb|||0px\u00a0\u00bb animation_style=\u00a0\u00bbzoom\u00a0\u00bb animation_direction=\u00a0\u00bbright\u00a0\u00bb animation_intensity_zoom=\u00a0\u00bb10%\u00a0\u00bb header_font_size_tablet=\u00a0\u00bb\u00a0\u00bb header_font_size_phone=\u00a0\u00bb18px\u00a0\u00bb header_font_size_last_edited=\u00a0\u00bbon|phone\u00a0\u00bb header_2_font_size_tablet=\u00a0\u00bb\u00a0\u00bb header_2_font_size_phone=\u00a0\u00bb24px\u00a0\u00bb header_2_font_size_last_edited=\u00a0\u00bbon|phone\u00a0\u00bb header_2_line_height_last_edited=\u00a0\u00bboff|desktop\u00a0\u00bb locked=\u00a0\u00bboff\u00a0\u00bb]<\/p>\n<h2 style=\"text-align: center;\">VOS AVANTAGES<\/h2>\n<p>[\/et_pb_text][et_pb_image src=\u00a0\u00bbhttps:\/\/lecarreadministratif.fr\/wp-content\/uploads\/Facturation-Le-carre-administratif.png\u00a0\u00bb alt=\u00a0\u00bbfacturation \u00e0 l&rsquo;heure ou au forfait &#8211; secr\u00e9taire freelance lille\u00a0\u00bb title_text=\u00a0\u00bbfacturation \u00e0 l&rsquo;heure ou au forfait &#8211; secr\u00e9taire freelance amenti\u00e8res\u00a0\u00bb align=\u00a0\u00bbcenter\u00a0\u00bb admin_label=\u00a0\u00bbIcone facturation \u00e0 l&rsquo;heure ou au forfait\u00a0\u00bb _builder_version=\u00a0\u00bb3.23&Prime; custom_margin=\u00a0\u00bb-25px|||0px\u00a0\u00bb animation_style=\u00a0\u00bbfade\u00a0\u00bb animation_direction=\u00a0\u00bbright\u00a0\u00bb animation_delay=\u00a0\u00bb100ms\u00a0\u00bb always_center_on_mobile=\u00a0\u00bboff\u00a0\u00bb][\/et_pb_image][et_pb_blurb content_max_width=\u00a0\u00bb100%\u00a0\u00bb admin_label=\u00a0\u00bbTitre \/ Texte 1&Prime; _builder_version=\u00a0\u00bb3.19.3&Prime; _dynamic_attributes=\u00a0\u00bbtitle\u00a0\u00bb header_font=\u00a0\u00bbBrandon grotesque regular|800||on|||||\u00a0\u00bb header_text_color=\u00a0\u00bb#e94e1b\u00a0\u00bb header_letter_spacing=\u00a0\u00bb3px\u00a0\u00bb header_line_height=\u00a0\u00bb1.4em\u00a0\u00bb body_font=\u00a0\u00bbNunito Sans|600|||||||\u00a0\u00bb body_text_color=\u00a0\u00bb#ffffff\u00a0\u00bb body_font_size=\u00a0\u00bb16px\u00a0\u00bb text_orientation=\u00a0\u00bbcenter\u00a0\u00bb background_layout=\u00a0\u00bbdark\u00a0\u00bb custom_margin=\u00a0\u00bb||80px|\u00a0\u00bb custom_padding=\u00a0\u00bb3px|||\u00a0\u00bb animation_style=\u00a0\u00bbzoom\u00a0\u00bb animation_direction=\u00a0\u00bbright\u00a0\u00bb animation_delay=\u00a0\u00bb200ms\u00a0\u00bb animation_intensity_zoom=\u00a0\u00bb10%\u00a0\u00bb animation=\u00a0\u00bboff\u00a0\u00bb locked=\u00a0\u00bboff\u00a0\u00bb]<\/p>\n<h2><span style=\"color: #e94e1b;\"><\/span><\/h2>\n<h2><span style=\"color: #e94e1b;\">FACTURATION A L&rsquo;HEURE<\/span><\/h2>\n<h2><span style=\"color: #e94e1b;\">OU AU FORFAIT<\/span><\/h2>\n<p>La prestation est effectu\u00e9e apr\u00e8s l&rsquo;acceptation du<br \/> devis personnalis\u00e9.<\/p>\n<p>[\/et_pb_blurb][et_pb_image src=\u00a0\u00bbhttps:\/\/lecarreadministratif.fr\/wp-content\/uploads\/Flexibilite-du-temps-de-travail-Le-carre-administratif.png\u00a0\u00bb alt=\u00a0\u00bbflexibilit\u00e9 &#8211; assistante ind\u00e9pendante lille\u00a0\u00bb title_text=\u00a0\u00bbfelxibilit\u00e9 &#8211; secr\u00e9taire ind\u00e9pendante lille\u00a0\u00bb align=\u00a0\u00bbcenter\u00a0\u00bb admin_label=\u00a0\u00bbIcone flexibilit\u00e9\u00a0\u00bb _builder_version=\u00a0\u00bb3.23&Prime; custom_margin=\u00a0\u00bb-42px||12px\u00a0\u00bb animation_style=\u00a0\u00bbfade\u00a0\u00bb animation_direction=\u00a0\u00bbright\u00a0\u00bb animation_delay=\u00a0\u00bb300ms\u00a0\u00bb always_center_on_mobile=\u00a0\u00bboff\u00a0\u00bb locked=\u00a0\u00bboff\u00a0\u00bb][\/et_pb_image][et_pb_blurb content_max_width=\u00a0\u00bb100%\u00a0\u00bb admin_label=\u00a0\u00bbTitre \/ Texte 2&Prime; _builder_version=\u00a0\u00bb3.19.3&Prime; header_level=\u00a0\u00bbh2&Prime; header_font=\u00a0\u00bbBrandon grotesque regular|800||on|||||\u00a0\u00bb header_text_color=\u00a0\u00bb#e94e1b\u00a0\u00bb header_letter_spacing=\u00a0\u00bb3px\u00a0\u00bb header_line_height=\u00a0\u00bb1.4em\u00a0\u00bb body_font=\u00a0\u00bbNunito Sans|600|||||||\u00a0\u00bb body_text_color=\u00a0\u00bb#ffffff\u00a0\u00bb body_font_size=\u00a0\u00bb16px\u00a0\u00bb text_orientation=\u00a0\u00bbcenter\u00a0\u00bb custom_margin=\u00a0\u00bb||80px|\u00a0\u00bb custom_padding=\u00a0\u00bb3px|||\u00a0\u00bb animation_style=\u00a0\u00bbzoom\u00a0\u00bb animation_direction=\u00a0\u00bbright\u00a0\u00bb animation_delay=\u00a0\u00bb300ms\u00a0\u00bb animation_intensity_zoom=\u00a0\u00bb10%\u00a0\u00bb animation=\u00a0\u00bboff\u00a0\u00bb locked=\u00a0\u00bboff\u00a0\u00bb]<\/p>\n<h2><span style=\"color: #e94e1b;\"><\/span><\/h2>\n<h2><span style=\"color: #e94e1b;\"> FLEXIBILITE DU<br \/> TEMPS DE TRAVAIL<\/span><\/h2>\n<p>Pour une mission ponctuelle ou r\u00e9guli\u00e8re<br \/>en fonction de vos besoins : <br \/>remplacement, surcro\u00eet d&rsquo;activit\u00e9, &#8230;<\/p>\n<p>[\/et_pb_blurb][et_pb_image src=\u00a0\u00bbhttps:\/\/lecarreadministratif.fr\/wp-content\/uploads\/gestion-sur-mesure-Le-carre-administratif.png\u00a0\u00bb alt=\u00a0\u00bbgestion sur mesure &#8211; secr\u00e9taire lille\u00a0\u00bb title_text=\u00a0\u00bbgestion sur mesure &#8211; secr\u00e9taire armenti\u00e8res\u00a0\u00bb align=\u00a0\u00bbcenter\u00a0\u00bb align_tablet=\u00a0\u00bbcenter\u00a0\u00bb align_phone=\u00a0\u00bb\u00a0\u00bb align_last_edited=\u00a0\u00bbon|desktop\u00a0\u00bb admin_label=\u00a0\u00bbIcone gestion sur mesure\u00a0\u00bb _builder_version=\u00a0\u00bb3.23&Prime; custom_margin=\u00a0\u00bb-42px||15px\u00a0\u00bb animation_style=\u00a0\u00bbfade\u00a0\u00bb animation_direction=\u00a0\u00bbright\u00a0\u00bb animation_delay=\u00a0\u00bb300ms\u00a0\u00bb][\/et_pb_image][et_pb_blurb content_max_width=\u00a0\u00bb100%\u00a0\u00bb admin_label=\u00a0\u00bbTitre \/ Texte 3&Prime; _builder_version=\u00a0\u00bb3.19.3&Prime; header_font=\u00a0\u00bbBrandon grotesque regular|800||on|||||\u00a0\u00bb header_text_color=\u00a0\u00bb#e94e1b\u00a0\u00bb header_letter_spacing=\u00a0\u00bb3px\u00a0\u00bb header_line_height=\u00a0\u00bb1.4em\u00a0\u00bb body_font=\u00a0\u00bbNunito Sans|600|||||||\u00a0\u00bb body_text_color=\u00a0\u00bb#ffffff\u00a0\u00bb body_font_size=\u00a0\u00bb16px\u00a0\u00bb text_orientation=\u00a0\u00bbcenter\u00a0\u00bb custom_margin=\u00a0\u00bb0px||80px|\u00a0\u00bb custom_padding=\u00a0\u00bb3px|||\u00a0\u00bb animation_style=\u00a0\u00bbzoom\u00a0\u00bb animation_direction=\u00a0\u00bbright\u00a0\u00bb animation_delay=\u00a0\u00bb300ms\u00a0\u00bb animation_intensity_zoom=\u00a0\u00bb10%\u00a0\u00bb animation=\u00a0\u00bboff\u00a0\u00bb locked=\u00a0\u00bboff\u00a0\u00bb]<\/p>\n<h2><span style=\"color: #e94e1b;\">GESTION SUR MESURE<\/span><\/h2>\n<p>Chaque demande est unique et fera <br \/>l&rsquo;objet d&rsquo;une r\u00e9ponse individualis\u00e9e.<\/p>\n<p>[\/et_pb_blurb][et_pb_blurb use_icon=\u00a0\u00bbon\u00a0\u00bb font_icon=\u00a0\u00bb%%264%%\u00a0\u00bb use_circle=\u00a0\u00bbon\u00a0\u00bb circle_color=\u00a0\u00bb#e94e1b\u00a0\u00bb icon_placement=\u00a0\u00bbleft\u00a0\u00bb admin_label=\u00a0\u00bbT\u00e9l\u00e9phone\u00a0\u00bb _builder_version=\u00a0\u00bb3.19.3&Prime; body_font=\u00a0\u00bb||||||||\u00a0\u00bb body_font_size=\u00a0\u00bb21px\u00a0\u00bb custom_margin=\u00a0\u00bb73px||\u00a0\u00bb custom_padding=\u00a0\u00bb|||20px\u00a0\u00bb body_font_size_tablet=\u00a0\u00bb\u00a0\u00bb body_font_size_phone=\u00a0\u00bb\u00a0\u00bb body_font_size_last_edited=\u00a0\u00bbon|desktop\u00a0\u00bb]<\/p>\n<p>06.64.15.79.63<\/p>\n<p>[\/et_pb_blurb][et_pb_blurb use_icon=\u00a0\u00bbon\u00a0\u00bb font_icon=\u00a0\u00bb%%109%%\u00a0\u00bb use_circle=\u00a0\u00bbon\u00a0\u00bb circle_color=\u00a0\u00bb#e94e1b\u00a0\u00bb icon_placement=\u00a0\u00bbleft\u00a0\u00bb admin_label=\u00a0\u00bbEmail\u00a0\u00bb _builder_version=\u00a0\u00bb3.19.3&Prime; body_font=\u00a0\u00bb||||||||\u00a0\u00bb body_font_size=\u00a0\u00bb20px\u00a0\u00bb custom_margin=\u00a0\u00bb25px||\u00a0\u00bb custom_padding=\u00a0\u00bb|||20px\u00a0\u00bb body_font_size_tablet=\u00a0\u00bb\u00a0\u00bb body_font_size_phone=\u00a0\u00bb\u00a0\u00bb body_font_size_last_edited=\u00a0\u00bbon|phone\u00a0\u00bb]<\/p>\n<p>contact@lecarreadministratif.fr<\/p>\n<p>[\/et_pb_blurb][et_pb_social_media_follow _builder_version=\u00a0\u00bb4.7.3&Prime; text_orientation=\u00a0\u00bbcenter\u00a0\u00bb custom_margin=\u00a0\u00bb57px||\u00a0\u00bb custom_padding=\u00a0\u00bb|0px||\u00a0\u00bb][et_pb_social_media_follow_network social_network=\u00a0\u00bbfacebook\u00a0\u00bb url=\u00a0\u00bbhttps:\/\/www.facebook.com\/ASSISTANTE.ADMINISTRATIVE.INDEPENDANTE\/\u00a0\u00bb _builder_version=\u00a0\u00bb3.19.3&Prime; background_color=\u00a0\u00bb#3b5998&Prime; border_radii=\u00a0\u00bb|15px|15px|15px|15px\u00a0\u00bb follow_button=\u00a0\u00bboff\u00a0\u00bb url_new_window=\u00a0\u00bbon\u00a0\u00bb]facebook<br \/>\n[\/et_pb_social_media_follow_network][et_pb_social_media_follow_network social_network=\u00a0\u00bblinkedin\u00a0\u00bb url=\u00a0\u00bbhttp:\/\/linkedin.com\/in\/karine-lemaire-assistante-administrative-ind\u00e9pendante-lille-\u00a0\u00bb _builder_version=\u00a0\u00bb4.7.3&Prime; background_color=\u00a0\u00bb#007bb6&Prime; border_radii=\u00a0\u00bb|15px|15px|15px|15px\u00a0\u00bb follow_button=\u00a0\u00bboff\u00a0\u00bb url_new_window=\u00a0\u00bbon\u00a0\u00bb]linkedin<br \/>\n[\/et_pb_social_media_follow_network][\/et_pb_social_media_follow][\/et_pb_column][\/et_pb_section]<\/p>\n","protected":false},"excerpt":{"rendered":"<p>D\u00e9l\u00e9guez vos t\u00e2ches administratives \u00e0 votre Assistante ind\u00e9pendante qui vous assure : \u00e9coute, confidentialit\u00e9, rigueur.prestations d\u00e9di\u00e9es aux tpe, pme, artisans, commer\u00e7ants, professions lib\u00e9rales, &#8230; GESTION ADMINISTRATIVE Une gestion administrative claire et structur\u00e9e vous fera gagner un temps pr\u00e9cieux.GESTION\u00a0 COMMERCIALE Une gestion commerciale qualitative\u00a0 est primordiale et\u00a0participe au succ\u00e8s de votre entreprise.GESTION DES RESSOURCES HUMAINES Effectuer [&hellip;]<\/p>\n","protected":false},"author":2,"featured_media":0,"parent":0,"menu_order":0,"comment_status":"closed","ping_status":"closed","template":"","meta":{"_et_pb_use_builder":"on","_et_pb_old_content":"","_et_gb_content_width":"","_exactmetrics_skip_tracking":false,"_exactmetrics_sitenote_active":false,"_exactmetrics_sitenote_note":"","_exactmetrics_sitenote_category":0},"yoast_head":"<!-- This site is optimized with the Yoast SEO plugin v19.4 - https:\/\/yoast.com\/wordpress\/plugins\/seo\/ -->\n<title>Assistante administrative ind\u00e9pendante exp\u00e9riment\u00e9e bas\u00e9e \u00e0 Lille,<\/title>\n<meta name=\"description\" content=\"Assistante administrative ind\u00e9pendante exp\u00e9riment\u00e9e bas\u00e9e \u00e0 La Chapelle d&#039;Armenti\u00e8res \/ Lille. Lib\u00e9rez-vous du temps en d\u00e9l\u00e9guant votre administratif !\" \/>\n<meta name=\"robots\" content=\"index, follow, max-snippet:-1, max-image-preview:large, max-video-preview:-1\" \/>\n<link rel=\"canonical\" href=\"https:\/\/lecarreadministratif.fr\/\" \/>\n<meta property=\"og:locale\" content=\"fr_FR\" \/>\n<meta property=\"og:type\" content=\"article\" \/>\n<meta property=\"og:title\" content=\"Assistante administrative ind\u00e9pendante exp\u00e9riment\u00e9e bas\u00e9e \u00e0 Lille,\" \/>\n<meta property=\"og:description\" content=\"Assistante administrative ind\u00e9pendante exp\u00e9riment\u00e9e bas\u00e9e \u00e0 La Chapelle d&#039;Armenti\u00e8res \/ Lille. Lib\u00e9rez-vous du temps en d\u00e9l\u00e9guant votre administratif !\" \/>\n<meta property=\"og:url\" content=\"https:\/\/lecarreadministratif.fr\/\" \/>\n<meta property=\"og:site_name\" content=\"Le carr\u00e9 administratif\" \/>\n<meta property=\"article:modified_time\" content=\"2020-11-24T10:02:17+00:00\" \/>\n<meta name=\"twitter:card\" content=\"summary_large_image\" \/>\n<meta name=\"twitter:label1\" content=\"Dur\u00e9e de lecture estim\u00e9e\" \/>\n\t<meta name=\"twitter:data1\" content=\"13 minutes\" \/>\n<script type=\"application\/ld+json\" class=\"yoast-schema-graph\">{\"@context\":\"https:\/\/schema.org\",\"@graph\":[{\"@type\":\"WebSite\",\"@id\":\"https:\/\/lecarreadministratif.fr\/#website\",\"url\":\"https:\/\/lecarreadministratif.fr\/\",\"name\":\"Le carr\u00e9 administratif\",\"description\":\"G\u00e8re pour vous\",\"potentialAction\":[{\"@type\":\"SearchAction\",\"target\":{\"@type\":\"EntryPoint\",\"urlTemplate\":\"https:\/\/lecarreadministratif.fr\/?s={search_term_string}\"},\"query-input\":\"required name=search_term_string\"}],\"inLanguage\":\"fr-FR\"},{\"@type\":\"WebPage\",\"@id\":\"https:\/\/lecarreadministratif.fr\/\",\"url\":\"https:\/\/lecarreadministratif.fr\/\",\"name\":\"Assistante administrative ind\u00e9pendante exp\u00e9riment\u00e9e bas\u00e9e \u00e0 Lille,\",\"isPartOf\":{\"@id\":\"https:\/\/lecarreadministratif.fr\/#website\"},\"datePublished\":\"2018-10-08T13:43:13+00:00\",\"dateModified\":\"2020-11-24T10:02:17+00:00\",\"description\":\"Assistante administrative ind\u00e9pendante exp\u00e9riment\u00e9e bas\u00e9e \u00e0 La Chapelle d'Armenti\u00e8res \/ Lille. Lib\u00e9rez-vous du temps en d\u00e9l\u00e9guant votre administratif !\",\"breadcrumb\":{\"@id\":\"https:\/\/lecarreadministratif.fr\/#breadcrumb\"},\"inLanguage\":\"fr-FR\",\"potentialAction\":[{\"@type\":\"ReadAction\",\"target\":[\"https:\/\/lecarreadministratif.fr\/\"]}]},{\"@type\":\"BreadcrumbList\",\"@id\":\"https:\/\/lecarreadministratif.fr\/#breadcrumb\",\"itemListElement\":[{\"@type\":\"ListItem\",\"position\":1,\"name\":\"Home\",\"item\":\"https:\/\/lecarreadministratif.fr\/\"},{\"@type\":\"ListItem\",\"position\":2,\"name\":\"Le carr\u00e9 administratif assistante administrative ind\u00e9pendante nord lille et environs\"}]}]}<\/script>\n<!-- \/ Yoast SEO plugin. -->","yoast_head_json":{"title":"Assistante administrative ind\u00e9pendante exp\u00e9riment\u00e9e bas\u00e9e \u00e0 Lille,","description":"Assistante administrative ind\u00e9pendante exp\u00e9riment\u00e9e bas\u00e9e \u00e0 La Chapelle d'Armenti\u00e8res \/ Lille. Lib\u00e9rez-vous du temps en d\u00e9l\u00e9guant votre administratif !","robots":{"index":"index","follow":"follow","max-snippet":"max-snippet:-1","max-image-preview":"max-image-preview:large","max-video-preview":"max-video-preview:-1"},"canonical":"https:\/\/lecarreadministratif.fr\/","og_locale":"fr_FR","og_type":"article","og_title":"Assistante administrative ind\u00e9pendante exp\u00e9riment\u00e9e bas\u00e9e \u00e0 Lille,","og_description":"Assistante administrative ind\u00e9pendante exp\u00e9riment\u00e9e bas\u00e9e \u00e0 La Chapelle d'Armenti\u00e8res \/ Lille. Lib\u00e9rez-vous du temps en d\u00e9l\u00e9guant votre administratif !","og_url":"https:\/\/lecarreadministratif.fr\/","og_site_name":"Le carr\u00e9 administratif","article_modified_time":"2020-11-24T10:02:17+00:00","twitter_card":"summary_large_image","twitter_misc":{"Dur\u00e9e de lecture estim\u00e9e":"13 minutes"},"schema":{"@context":"https:\/\/schema.org","@graph":[{"@type":"WebSite","@id":"https:\/\/lecarreadministratif.fr\/#website","url":"https:\/\/lecarreadministratif.fr\/","name":"Le carr\u00e9 administratif","description":"G\u00e8re pour vous","potentialAction":[{"@type":"SearchAction","target":{"@type":"EntryPoint","urlTemplate":"https:\/\/lecarreadministratif.fr\/?s={search_term_string}"},"query-input":"required name=search_term_string"}],"inLanguage":"fr-FR"},{"@type":"WebPage","@id":"https:\/\/lecarreadministratif.fr\/","url":"https:\/\/lecarreadministratif.fr\/","name":"Assistante administrative ind\u00e9pendante exp\u00e9riment\u00e9e bas\u00e9e \u00e0 Lille,","isPartOf":{"@id":"https:\/\/lecarreadministratif.fr\/#website"},"datePublished":"2018-10-08T13:43:13+00:00","dateModified":"2020-11-24T10:02:17+00:00","description":"Assistante administrative ind\u00e9pendante exp\u00e9riment\u00e9e bas\u00e9e \u00e0 La Chapelle d'Armenti\u00e8res \/ Lille. Lib\u00e9rez-vous du temps en d\u00e9l\u00e9guant votre administratif !","breadcrumb":{"@id":"https:\/\/lecarreadministratif.fr\/#breadcrumb"},"inLanguage":"fr-FR","potentialAction":[{"@type":"ReadAction","target":["https:\/\/lecarreadministratif.fr\/"]}]},{"@type":"BreadcrumbList","@id":"https:\/\/lecarreadministratif.fr\/#breadcrumb","itemListElement":[{"@type":"ListItem","position":1,"name":"Home","item":"https:\/\/lecarreadministratif.fr\/"},{"@type":"ListItem","position":2,"name":"Le carr\u00e9 administratif assistante administrative ind\u00e9pendante nord lille et environs"}]}]}},"_links":{"self":[{"href":"https:\/\/lecarreadministratif.fr\/index.php\/wp-json\/wp\/v2\/pages\/11"}],"collection":[{"href":"https:\/\/lecarreadministratif.fr\/index.php\/wp-json\/wp\/v2\/pages"}],"about":[{"href":"https:\/\/lecarreadministratif.fr\/index.php\/wp-json\/wp\/v2\/types\/page"}],"author":[{"embeddable":true,"href":"https:\/\/lecarreadministratif.fr\/index.php\/wp-json\/wp\/v2\/users\/2"}],"replies":[{"embeddable":true,"href":"https:\/\/lecarreadministratif.fr\/index.php\/wp-json\/wp\/v2\/comments?post=11"}],"version-history":[{"count":298,"href":"https:\/\/lecarreadministratif.fr\/index.php\/wp-json\/wp\/v2\/pages\/11\/revisions"}],"predecessor-version":[{"id":1725,"href":"https:\/\/lecarreadministratif.fr\/index.php\/wp-json\/wp\/v2\/pages\/11\/revisions\/1725"}],"wp:attachment":[{"href":"https:\/\/lecarreadministratif.fr\/index.php\/wp-json\/wp\/v2\/media?parent=11"}],"curies":[{"name":"wp","href":"https:\/\/api.w.org\/{rel}","templated":true}]}}