{"id":210,"date":"2018-10-22T16:49:46","date_gmt":"2018-10-22T14:49:46","guid":{"rendered":"https:\/\/lecarreadministratif.fr\/?page_id=210"},"modified":"2019-12-08T19:31:36","modified_gmt":"2019-12-08T18:31:36","slug":"mentions-legales","status":"publish","type":"page","link":"https:\/\/lecarreadministratif.fr\/index.php\/mentions-legales\/","title":{"rendered":"Mentions l\u00e9gales"},"content":{"rendered":"<p>[et_pb_section fb_built=\u00a0\u00bb1&Prime; _builder_version=\u00a0\u00bb3.22&Prime;][et_pb_row _builder_version=\u00a0\u00bb3.25&Prime;][et_pb_column type=\u00a0\u00bb4_4&Prime; _builder_version=\u00a0\u00bb3.25&Prime; custom_padding=\u00a0\u00bb|||\u00a0\u00bb custom_padding__hover=\u00a0\u00bb|||\u00a0\u00bb][et_pb_text _builder_version=\u00a0\u00bb3.27.4&Prime; text_font=\u00a0\u00bb||||||||\u00a0\u00bb header_font=\u00a0\u00bb||||||||\u00a0\u00bb header_text_align=\u00a0\u00bbcenter\u00a0\u00bb header_6_font=\u00a0\u00bb||||||||\u00a0\u00bb header_6_font_size=\u00a0\u00bb20px\u00a0\u00bb header_6_letter_spacing=\u00a0\u00bb3px\u00a0\u00bb header_6_line_height=\u00a0\u00bb1.5em\u00a0\u00bb]<\/p>\n<h1 style=\"text-align: center;\"><span style=\"color: #000000;\"><strong>Mentions l\u00e9gales<\/strong><\/span><\/h1>\n<p><strong>\u00a0<\/strong><\/p>\n<h6><strong>Propri\u00e9t\u00e9 intellectuelle<\/strong><\/h6>\n<p>&nbsp;<\/p>\n<p style=\"text-align: justify;\">Conform\u00e9ment aux dispositions de l\u2019article 6 III-1 de la loi n\u00b0 2004-575 du 21 juin 2004 pour la confiance dans l\u2019\u00e9conomie num\u00e9rique, nous vous informons que le site est la propri\u00e9t\u00e9 de :<\/p>\n<p style=\"text-align: justify;\">Le carr\u00e9 administratif<br \/> <span style=\"font-size: 14px;\">Adresse : 26 rue Joachim du Bellay 59930 LA CHAPELLE D\u2019ARMENTIERES<br \/> <\/span>T\u00e9l\u00e9phone : 06.64.15.79.63 \u2013 Email : contact@lecarreadministratif.fr<\/p>\n<ul>\n<li style=\"text-align: justify;\"><span style=\"font-size: 14px;\">Siret 878 461 607 00011<\/span><\/li>\n<li style=\"text-align: justify;\"><span style=\"font-size: 14px;\">Le code NAF, 8211Z<\/span><\/li>\n<\/ul>\n<p style=\"text-align: justify;\">Site r\u00e9alis\u00e9 par Karine Lemaire<\/p>\n<p style=\"text-align: justify;\">Centre serveur :\u00a0SAS OVH \u2013\u00a0<a href=\"http:\/\/www.ovh.com\/\">http:\/\/www.ovh.com<br \/> <\/a><span style=\"font-size: 14px;\">Adresse : 2 rue Kellermann,\u00a0BP 80157,\u00a059100 Roubaix<\/span><\/p>\n<h6><strong><\/strong><\/h6>\n<h6><strong><\/strong><\/h6>\n<h6><strong><\/strong><\/h6>\n<h6><strong><\/strong><\/h6>\n<h6><strong>Droit d\u2019auteur \u2013 Copyright \u00a9 \u2013 droit des marques<\/strong><\/h6>\n<p>&nbsp;<\/p>\n<p style=\"text-align: justify;\">L\u2019ensemble de ce site rel\u00e8ve de la l\u00e9gislation fran\u00e7aise et internationale sur le droit d\u2019auteur et la Propri\u00e9t\u00e9 Intellectuelle.<\/p>\n<p style=\"text-align: justify;\">Tous les \u00e9l\u00e9ments (informations, donn\u00e9es, photographies, etc.) pr\u00e9sents sur ce site, sont la propri\u00e9t\u00e9 exclusive de Le carr\u00e9 administratif et sont prot\u00e9g\u00e9s par les dispositions du Code de la Propri\u00e9t\u00e9 Intellectuelle.<\/p>\n<p style=\"text-align: justify;\">En application du Code fran\u00e7ais de la Propri\u00e9t\u00e9 Intellectuelle et, plus g\u00e9n\u00e9ralement, des trait\u00e9s et accords internationaux comportant des dispositions relatives \u00e0 la protection des droits d\u2019auteurs, l\u2019utilisateur s\u2019interdit de reproduire, sous quelque forme que ce soit, les \u0153uvres prot\u00e9g\u00e9es par le droit d\u2019auteur qui figurent sur le pr\u00e9sent site sans autorisation \u00e9crite particuli\u00e8re et pr\u00e9alable de Le carr\u00e9 administratif.<\/p>\n<p style=\"text-align: justify;\">La violation de ces dispositions soumet tout contrevenant de toute personne responsable, aux peines p\u00e9nales et civiles pr\u00e9vues par la l\u00e9gislation fran\u00e7aise.<\/p>\n<h6><strong><\/strong><\/h6>\n<h6><strong><\/strong><\/h6>\n<h6><strong><\/strong><\/h6>\n<h6><strong>Liens hypertextes<\/strong><\/h6>\n<p>&nbsp;<\/p>\n<p style=\"text-align: justify;\">Tous sites ayant un lien hypertexte avec le pr\u00e9sent site (un lien hypertexte ciblant le pr\u00e9sent site ou \u00e9tabli au d\u00e9part de celui-ci), ne sont pas sous contr\u00f4le de Le carr\u00e9 administratif qui d\u00e9cline toute responsabilit\u00e9 quant \u00e0 leur contenu. L\u2019utilisateur est seul responsable de leur utilisation.<\/p>\n<h6><strong><\/strong><\/h6>\n<h6><strong><\/strong><\/h6>\n<p><strong><\/strong><\/p>\n<h6><strong>Donn\u00e9es personnelles<\/strong><\/h6>\n<p>&nbsp;<\/p>\n<p style=\"text-align: justify;\">\u00ab En conformit\u00e9 avec le r\u00e8glement n\u00b02016\/679, dit R\u00e8glement g\u00e9n\u00e9ral pour la protection des donn\u00e9es (RGPD) et la loi n\u00b078-17 du 6 janvier 1978 modifi\u00e9e relative \u00e0 l&rsquo;informatique, aux fichiers et aux libert\u00e9s, les donn\u00e9es \u00e0 caract\u00e8re personnel recueillies sur le site de l\u2019entreprise font l\u2019objet d\u2019une d\u00e9claration aupr\u00e8s du D\u00e9l\u00e9gu\u00e9 \u00e0 la Protection des donn\u00e9es (DPO) de l\u2019entreprise. Elles sont exclusivement \u00e0 usage interne de l\u2019entreprise.<\/p>\n<p style=\"text-align: justify;\">Les donn\u00e9es personnelles collect\u00e9es par l\u2019entreprise peuvent l\u2019\u00eatre pour diff\u00e9rentes finalit\u00e9s, selon les pages du site et les formulaires de recueil concern\u00e9s.<\/p>\n<p style=\"text-align: justify;\">Principalement il s\u2019agit de :<\/p>\n<ul>\n<li style=\"text-align: justify;\">gestion des demandes d\u2019information ,<\/li>\n<li style=\"text-align: justify;\">utilisation \u00e0 des fins commerciales.<\/li>\n<\/ul>\n<p style=\"text-align: justify;\">Les donn\u00e9es sont conserv\u00e9es pendant toute la dur\u00e9e de la relation \u00e9tablie avec vous, et jusqu\u2019\u00e0 3 ans maximum apr\u00e8s, selon la nature de la relation concern\u00e9e.<\/p>\n<p style=\"text-align: justify;\">Les donn\u00e9es ainsi collect\u00e9es ne seront ni c\u00e9d\u00e9es, ni \u00e9chang\u00e9es ou lou\u00e9es. Conform\u00e9ment aux textes susvis\u00e9s, vous disposez d&rsquo;un droit d\u2019opposition, d&rsquo;acc\u00e8s, de rectification, de suppression, de limitation ou de portabilit\u00e9 portant sur les donn\u00e9es vous concernant.<\/p>\n<p style=\"text-align: justify;\">Ces droits peuvent \u00eatre exerc\u00e9s en vous adressant \u00e0 : Le carr\u00e9 administratif, Karine Lemaire, correspondant Informatique et libert\u00e9s, 26 rue Joachim du Bellay 59930 LA CHAPELLE D\u2019ARMENTIERES, en pr\u00e9cisant dans l\u2019objet du courrier \u00ab Droit des personnes \u00bb et en joignant la copie de votre justificatif d\u2019identit\u00e9 :<\/p>\n<ul>\n<li style=\"text-align: justify;\">soit directement sur le site, par courriel : contact@lecarreadministatif.fr<\/li>\n<li style=\"text-align: justify;\">soit en \u00e9crivant \u00e0 : Le carr\u00e9 administratif \u2013 26 rue Joachim du Bellay 59930 LA CHAPELLE D\u2019ARMENTIERES\u00a0\u00bb<\/li>\n<\/ul>\n<h6 style=\"text-align: justify;\"><strong><\/strong><\/h6>\n<h6><strong><\/strong><\/h6>\n<h6><strong><\/strong><\/h6>\n<p><strong><\/strong><\/p>\n<h6><strong>Conditions d\u2019utilisation du site<\/strong><\/h6>\n<p>&nbsp;<\/p>\n<p style=\"text-align: justify;\">En acc\u00e9dant \u00e0 ce site, l\u2019utilisateur s\u2019engage \u00e0 se conformer \u00e0 ses conditions d\u2019utilisation et d\u00e9clare disposer au pr\u00e9alable d\u2019un acc\u00e8s Internet, en conna\u00eetre les r\u00e8gles et les usages, les capacit\u00e9s et performances techniques et disposer de tous mat\u00e9riels et logiciels n\u00e9cessaires \u00e0 la navigation sur Internet.<\/p>\n<p style=\"text-align: justify;\">L\u2019utilisateur garantit l\u2019entreprise contre toute utilisation illicite, non conforme et\/ou non autoris\u00e9e des informations accessibles via\u00a0ce site. L\u2019utilisateur est seul responsable de l\u2019utilisation des informations accessibles via ce site que l\u2019entreprise se r\u00e9serve le droit de modifier \u00e0 tout moment, notamment en actualisant ce site. L\u2019entreprise se r\u00e9serve le droit de supprimer ou de modifier de plein droit, certaines des fonctionnalit\u00e9s du site, sans pr\u00e9avis ni indemnit\u00e9. L\u2019utilisateur s\u2019engage \u00e0 respecter les usages d\u2019Internet et la r\u00e9glementation en vigueur et \u00e0 ne pas divulguer via ce site des informations ill\u00e9gales. L\u2019utilisateur est seul responsable de l\u2019identit\u00e9 qu\u2019il d\u00e9cline et des informations qu\u2019il adresse. Toute utilisation de toute donn\u00e9e r\u00e9alis\u00e9e \u00e0 partir de l\u2019adresse \u00e9lectronique de l\u2019utilisateur est r\u00e9put\u00e9e avoir \u00e9t\u00e9 r\u00e9alis\u00e9e par celui-ci. l\u2019entreprise ne garantit en aucune mani\u00e8re l\u2019exactitude ni l\u2019exhaustivit\u00e9 des informations offertes par les sites r\u00e9f\u00e9renc\u00e9s.<\/p>\n<p style=\"text-align: justify;\">Il appartient aux utilisateurs de prendre toutes les mesures appropri\u00e9es pour la protection de leur mat\u00e9riel, donn\u00e9es ou logiciel informatiques notamment contre les virus informatiques circulant sur le r\u00e9seau. Le carr\u00e9 administratif ne saurait en aucun cas \u00eatre tenu responsable des dommages caus\u00e9s par un virus lors de la connexion \u00e0 son site.<\/p>\n<p style=\"text-align: justify;\">Le carr\u00e9 administratif d\u00e9cline toute responsabilit\u00e9 pour les difficult\u00e9s rencontr\u00e9es lors de l\u2019acc\u00e8s \u00e0\u00a0ce site ou pour toute d\u00e9faillance de communication.<\/p>\n<p style=\"text-align: justify;\"><strong><\/strong><\/p>\n<p><strong><\/strong><\/p>\n<p><strong><\/strong><\/p>\n<h6><strong>Avertissement<\/strong><\/h6>\n<p>&nbsp;<\/p>\n<p style=\"text-align: justify;\">En acc\u00e9dant \u00e0\u00a0ce site, les internautes acceptent les pr\u00e9sentes conditions g\u00e9n\u00e9rales d\u2019utilisation et mentions l\u00e9gales.<\/p>\n<p style=\"text-align: justify;\">L\u2019internaute reconna\u00eet notamment que les \u00e9l\u00e9ments le composant sont l\u00e9galement prot\u00e9g\u00e9s, et l\u2019internaute s\u2019interdit notamment d\u2019extraire, r\u00e9utiliser, stocker, reproduire, repr\u00e9senter, ou conserver, directement ou indirectement, sur un support quelconque, par tout moyen et sous toute forme que ce soit, tout ou partie du pr\u00e9sent site.<\/p>\n<p>[\/et_pb_text][\/et_pb_column][\/et_pb_row][\/et_pb_section]<\/p>\n","protected":false},"excerpt":{"rendered":"<p>Mentions l\u00e9gales \u00a0 Propri\u00e9t\u00e9 intellectuelle &nbsp; Conform\u00e9ment aux dispositions de l\u2019article 6 III-1 de la loi n\u00b0 2004-575 du 21 juin 2004 pour la confiance dans l\u2019\u00e9conomie num\u00e9rique, nous vous informons que le site est la propri\u00e9t\u00e9 de : Le carr\u00e9 administratif Adresse : 26 rue Joachim du Bellay 59930 LA CHAPELLE D\u2019ARMENTIERES T\u00e9l\u00e9phone : [&hellip;]<\/p>\n","protected":false},"author":2,"featured_media":0,"parent":0,"menu_order":0,"comment_status":"closed","ping_status":"closed","template":"","meta":{"_et_pb_use_builder":"on","_et_pb_old_content":"","_et_gb_content_width":"","_exactmetrics_skip_tracking":false,"_exactmetrics_sitenote_active":false,"_exactmetrics_sitenote_note":"","_exactmetrics_sitenote_category":0},"yoast_head":"<!-- This site is optimized with the Yoast SEO plugin v19.4 - https:\/\/yoast.com\/wordpress\/plugins\/seo\/ -->\n<title>Mentions l\u00e9gales - Le carr\u00e9 administratif<\/title>\n<meta name=\"description\" content=\"Mentions l\u00e9gales de votre secr\u00e9taire ind\u00e9pendante Lille - Nord- Hauts-de-France - Armenti\u00e8res - La Chapelle d&#039;Armenti\u00e8res - Les Weppes - Vall\u00e9e de la Lyse. : Le Carr\u00e9 Administratif\" \/>\n<meta name=\"robots\" content=\"noindex, follow\" \/>\n<meta property=\"og:locale\" content=\"fr_FR\" \/>\n<meta property=\"og:type\" content=\"article\" \/>\n<meta property=\"og:title\" content=\"Mentions l\u00e9gales - Le carr\u00e9 administratif\" \/>\n<meta property=\"og:description\" content=\"Mentions l\u00e9gales de votre secr\u00e9taire ind\u00e9pendante Lille - Nord- Hauts-de-France - Armenti\u00e8res - La Chapelle d&#039;Armenti\u00e8res - Les Weppes - Vall\u00e9e de la Lyse. : Le Carr\u00e9 Administratif\" \/>\n<meta property=\"og:url\" content=\"https:\/\/lecarreadministratif.fr\/index.php\/mentions-legales\/\" \/>\n<meta property=\"og:site_name\" content=\"Le carr\u00e9 administratif\" \/>\n<meta property=\"article:modified_time\" content=\"2019-12-08T18:31:36+00:00\" \/>\n<meta name=\"twitter:card\" content=\"summary_large_image\" \/>\n<meta name=\"twitter:label1\" content=\"Dur\u00e9e de lecture estim\u00e9e\" \/>\n\t<meta name=\"twitter:data1\" content=\"5 minutes\" \/>\n<script type=\"application\/ld+json\" class=\"yoast-schema-graph\">{\"@context\":\"https:\/\/schema.org\",\"@graph\":[{\"@type\":\"WebSite\",\"@id\":\"https:\/\/lecarreadministratif.fr\/#website\",\"url\":\"https:\/\/lecarreadministratif.fr\/\",\"name\":\"Le carr\u00e9 administratif\",\"description\":\"G\u00e8re pour vous\",\"potentialAction\":[{\"@type\":\"SearchAction\",\"target\":{\"@type\":\"EntryPoint\",\"urlTemplate\":\"https:\/\/lecarreadministratif.fr\/?s={search_term_string}\"},\"query-input\":\"required name=search_term_string\"}],\"inLanguage\":\"fr-FR\"},{\"@type\":\"WebPage\",\"@id\":\"https:\/\/lecarreadministratif.fr\/index.php\/mentions-legales\/\",\"url\":\"https:\/\/lecarreadministratif.fr\/index.php\/mentions-legales\/\",\"name\":\"Mentions l\u00e9gales - Le carr\u00e9 administratif\",\"isPartOf\":{\"@id\":\"https:\/\/lecarreadministratif.fr\/#website\"},\"datePublished\":\"2018-10-22T14:49:46+00:00\",\"dateModified\":\"2019-12-08T18:31:36+00:00\",\"description\":\"Mentions l\u00e9gales de votre secr\u00e9taire ind\u00e9pendante Lille - Nord- Hauts-de-France - Armenti\u00e8res - La Chapelle d'Armenti\u00e8res - Les Weppes - Vall\u00e9e de la Lyse. : Le Carr\u00e9 Administratif\",\"breadcrumb\":{\"@id\":\"https:\/\/lecarreadministratif.fr\/index.php\/mentions-legales\/#breadcrumb\"},\"inLanguage\":\"fr-FR\",\"potentialAction\":[{\"@type\":\"ReadAction\",\"target\":[\"https:\/\/lecarreadministratif.fr\/index.php\/mentions-legales\/\"]}]},{\"@type\":\"BreadcrumbList\",\"@id\":\"https:\/\/lecarreadministratif.fr\/index.php\/mentions-legales\/#breadcrumb\",\"itemListElement\":[{\"@type\":\"ListItem\",\"position\":1,\"name\":\"Home\",\"item\":\"https:\/\/lecarreadministratif.fr\/\"},{\"@type\":\"ListItem\",\"position\":2,\"name\":\"Mentions l\u00e9gales\"}]}]}<\/script>\n<!-- \/ Yoast SEO plugin. -->","yoast_head_json":{"title":"Mentions l\u00e9gales - Le carr\u00e9 administratif","description":"Mentions l\u00e9gales de votre secr\u00e9taire ind\u00e9pendante Lille - Nord- Hauts-de-France - Armenti\u00e8res - La Chapelle d'Armenti\u00e8res - Les Weppes - Vall\u00e9e de la Lyse. : Le Carr\u00e9 Administratif","robots":{"index":"noindex","follow":"follow"},"og_locale":"fr_FR","og_type":"article","og_title":"Mentions l\u00e9gales - Le carr\u00e9 administratif","og_description":"Mentions l\u00e9gales de votre secr\u00e9taire ind\u00e9pendante Lille - Nord- Hauts-de-France - Armenti\u00e8res - La Chapelle d'Armenti\u00e8res - Les Weppes - Vall\u00e9e de la Lyse. : Le Carr\u00e9 Administratif","og_url":"https:\/\/lecarreadministratif.fr\/index.php\/mentions-legales\/","og_site_name":"Le carr\u00e9 administratif","article_modified_time":"2019-12-08T18:31:36+00:00","twitter_card":"summary_large_image","twitter_misc":{"Dur\u00e9e de lecture estim\u00e9e":"5 minutes"},"schema":{"@context":"https:\/\/schema.org","@graph":[{"@type":"WebSite","@id":"https:\/\/lecarreadministratif.fr\/#website","url":"https:\/\/lecarreadministratif.fr\/","name":"Le carr\u00e9 administratif","description":"G\u00e8re pour vous","potentialAction":[{"@type":"SearchAction","target":{"@type":"EntryPoint","urlTemplate":"https:\/\/lecarreadministratif.fr\/?s={search_term_string}"},"query-input":"required name=search_term_string"}],"inLanguage":"fr-FR"},{"@type":"WebPage","@id":"https:\/\/lecarreadministratif.fr\/index.php\/mentions-legales\/","url":"https:\/\/lecarreadministratif.fr\/index.php\/mentions-legales\/","name":"Mentions l\u00e9gales - Le carr\u00e9 administratif","isPartOf":{"@id":"https:\/\/lecarreadministratif.fr\/#website"},"datePublished":"2018-10-22T14:49:46+00:00","dateModified":"2019-12-08T18:31:36+00:00","description":"Mentions l\u00e9gales de votre secr\u00e9taire ind\u00e9pendante Lille - Nord- Hauts-de-France - Armenti\u00e8res - La Chapelle d'Armenti\u00e8res - Les Weppes - Vall\u00e9e de la Lyse. : Le Carr\u00e9 Administratif","breadcrumb":{"@id":"https:\/\/lecarreadministratif.fr\/index.php\/mentions-legales\/#breadcrumb"},"inLanguage":"fr-FR","potentialAction":[{"@type":"ReadAction","target":["https:\/\/lecarreadministratif.fr\/index.php\/mentions-legales\/"]}]},{"@type":"BreadcrumbList","@id":"https:\/\/lecarreadministratif.fr\/index.php\/mentions-legales\/#breadcrumb","itemListElement":[{"@type":"ListItem","position":1,"name":"Home","item":"https:\/\/lecarreadministratif.fr\/"},{"@type":"ListItem","position":2,"name":"Mentions l\u00e9gales"}]}]}},"_links":{"self":[{"href":"https:\/\/lecarreadministratif.fr\/index.php\/wp-json\/wp\/v2\/pages\/210"}],"collection":[{"href":"https:\/\/lecarreadministratif.fr\/index.php\/wp-json\/wp\/v2\/pages"}],"about":[{"href":"https:\/\/lecarreadministratif.fr\/index.php\/wp-json\/wp\/v2\/types\/page"}],"author":[{"embeddable":true,"href":"https:\/\/lecarreadministratif.fr\/index.php\/wp-json\/wp\/v2\/users\/2"}],"replies":[{"embeddable":true,"href":"https:\/\/lecarreadministratif.fr\/index.php\/wp-json\/wp\/v2\/comments?post=210"}],"version-history":[{"count":11,"href":"https:\/\/lecarreadministratif.fr\/index.php\/wp-json\/wp\/v2\/pages\/210\/revisions"}],"predecessor-version":[{"id":1713,"href":"https:\/\/lecarreadministratif.fr\/index.php\/wp-json\/wp\/v2\/pages\/210\/revisions\/1713"}],"wp:attachment":[{"href":"https:\/\/lecarreadministratif.fr\/index.php\/wp-json\/wp\/v2\/media?parent=210"}],"curies":[{"name":"wp","href":"https:\/\/api.w.org\/{rel}","templated":true}]}}