{"id":32,"date":"2018-10-08T15:45:17","date_gmt":"2018-10-08T13:45:17","guid":{"rendered":"https:\/\/lecarreadministratif.fr\/?page_id=32"},"modified":"2019-01-10T17:18:25","modified_gmt":"2019-01-10T16:18:25","slug":"a-propos","status":"publish","type":"page","link":"https:\/\/lecarreadministratif.fr\/index.php\/a-propos\/","title":{"rendered":""},"content":{"rendered":"<p>[et_pb_section fb_built=\u00a0\u00bb1&Prime; fullwidth=\u00a0\u00bbon\u00a0\u00bb admin_label=\u00a0\u00bbHeader Section\u00a0\u00bb _builder_version=\u00a0\u00bb3.0.89&Prime; custom_padding=\u00a0\u00bb|||\u00a0\u00bb][et_pb_fullwidth_header title=\u00a0\u00bbQui suis-je ?\u00a0\u00bb content_max_width=\u00a0\u00bb600px\u00a0\u00bb admin_label=\u00a0\u00bbQui suis-je ?\u00a0\u00bb _builder_version=\u00a0\u00bb3.19.3&Prime; title_level=\u00a0\u00bbh3&Prime; title_font=\u00a0\u00bbBrandon grotesque black|900||on|||||\u00a0\u00bb title_text_color=\u00a0\u00bb#253542&Prime; title_font_size=\u00a0\u00bb40px\u00a0\u00bb title_letter_spacing=\u00a0\u00bb7px\u00a0\u00bb title_line_height=\u00a0\u00bb1.4em\u00a0\u00bb content_font=\u00a0\u00bbBrandon grotesque medium|700|||||||\u00a0\u00bb content_text_color=\u00a0\u00bb#253542&Prime; content_font_size=\u00a0\u00bb18px\u00a0\u00bb content_line_height=\u00a0\u00bb1.8em\u00a0\u00bb background_color=\u00a0\u00bbrgba(255,255,255,0)\u00a0\u00bb background_image=\u00a0\u00bbhttps:\/\/lecarreadministratif.fr\/wp-content\/uploads\/consultant-02-2-1024&#215;431-1-e1540823296475.jpg\u00a0\u00bb background_size=\u00a0\u00bbinitial\u00a0\u00bb background_position=\u00a0\u00bbtop_left\u00a0\u00bb custom_button_one=\u00a0\u00bbon\u00a0\u00bb button_one_text_size=\u00a0\u00bb16px\u00a0\u00bb button_one_text_color=\u00a0\u00bb#ffffff\u00a0\u00bb button_one_bg_color=\u00a0\u00bb#253542&Prime; button_one_border_width=\u00a0\u00bb10px\u00a0\u00bb button_one_border_color=\u00a0\u00bb#253542&Prime; button_one_border_radius=\u00a0\u00bb0px\u00a0\u00bb button_one_letter_spacing=\u00a0\u00bb2px\u00a0\u00bb button_one_font=\u00a0\u00bbNunito Sans|800||on|||||\u00a0\u00bb button_one_use_icon=\u00a0\u00bboff\u00a0\u00bb background_layout=\u00a0\u00bblight\u00a0\u00bb custom_margin=\u00a0\u00bb|||\u00a0\u00bb custom_padding=\u00a0\u00bb10%||10%|\u00a0\u00bb animation_style=\u00a0\u00bbzoom\u00a0\u00bb animation_direction=\u00a0\u00bbtop\u00a0\u00bb animation_intensity_zoom=\u00a0\u00bb10%\u00a0\u00bb animation_starting_opacity=\u00a0\u00bb100%\u00a0\u00bb button_one_text_size__hover_enabled=\u00a0\u00bboff\u00a0\u00bb button_one_text_size__hover=\u00a0\u00bbnull\u00a0\u00bb button_two_text_size__hover_enabled=\u00a0\u00bboff\u00a0\u00bb button_two_text_size__hover=\u00a0\u00bbnull\u00a0\u00bb button_one_text_color__hover_enabled=\u00a0\u00bbon\u00a0\u00bb button_one_text_color__hover=\u00a0\u00bb#ffffff\u00a0\u00bb button_two_text_color__hover_enabled=\u00a0\u00bboff\u00a0\u00bb button_two_text_color__hover=\u00a0\u00bbnull\u00a0\u00bb button_one_border_width__hover_enabled=\u00a0\u00bboff\u00a0\u00bb button_one_border_width__hover=\u00a0\u00bbnull\u00a0\u00bb button_two_border_width__hover_enabled=\u00a0\u00bboff\u00a0\u00bb button_two_border_width__hover=\u00a0\u00bbnull\u00a0\u00bb button_one_border_color__hover_enabled=\u00a0\u00bbon\u00a0\u00bb button_one_border_color__hover=\u00a0\u00bb#79abab\u00a0\u00bb button_two_border_color__hover_enabled=\u00a0\u00bboff\u00a0\u00bb button_two_border_color__hover=\u00a0\u00bbnull\u00a0\u00bb button_one_border_radius__hover_enabled=\u00a0\u00bbon\u00a0\u00bb button_one_border_radius__hover=\u00a0\u00bb0px\u00a0\u00bb button_two_border_radius__hover_enabled=\u00a0\u00bboff\u00a0\u00bb button_two_border_radius__hover=\u00a0\u00bbnull\u00a0\u00bb button_one_letter_spacing__hover_enabled=\u00a0\u00bbon\u00a0\u00bb button_one_letter_spacing__hover=\u00a0\u00bb2px\u00a0\u00bb button_two_letter_spacing__hover_enabled=\u00a0\u00bboff\u00a0\u00bb button_two_letter_spacing__hover=\u00a0\u00bbnull\u00a0\u00bb button_one_bg_color__hover_enabled=\u00a0\u00bbon\u00a0\u00bb button_one_bg_color__hover=\u00a0\u00bb#79abab\u00a0\u00bb button_two_bg_color__hover_enabled=\u00a0\u00bboff\u00a0\u00bb button_two_bg_color__hover=\u00a0\u00bbnull\u00a0\u00bb]<\/p>\n<p>&nbsp;<\/p>\n<p>Voici un descriptif de mon exp\u00e9rience, de mes comp\u00e9tences et<\/p>\n<p>de mes valeurs.<\/p>\n<p>&nbsp;<\/p>\n<p>Bonne lecture \u00e0 vous !<\/p>\n<p>[\/et_pb_fullwidth_header][\/et_pb_section][et_pb_section fb_built=\u00a0\u00bb1&Prime; admin_label=\u00a0\u00bbFullwidth ZigZag\u00a0\u00bb _builder_version=\u00a0\u00bb3.0.89&Prime; background_image=\u00a0\u00bbhttps:\/\/lecarreadministratif.fr\/wp-content\/uploads\/business-07.jpg\u00a0\u00bb parallax=\u00a0\u00bbon\u00a0\u00bb custom_padding=\u00a0\u00bb0px|0px|0px|0px\u00a0\u00bb][et_pb_row make_fullwidth=\u00a0\u00bbon\u00a0\u00bb use_custom_gutter=\u00a0\u00bbon\u00a0\u00bb custom_padding=\u00a0\u00bb0px|0px|0px|0px\u00a0\u00bb background_color_2=\u00a0\u00bb#ffffff\u00a0\u00bb background_repeat_1=\u00a0\u00bbno-repeat\u00a0\u00bb padding_top_1=\u00a0\u00bb100px\u00a0\u00bb padding_top_2=\u00a0\u00bb150px\u00a0\u00bb padding_right_2=\u00a0\u00bb5%\u00a0\u00bb padding_bottom_2=\u00a0\u00bb150px\u00a0\u00bb padding_left_2=\u00a0\u00bb5%\u00a0\u00bb admin_label=\u00a0\u00bbRight Sided Texts\u00a0\u00bb _builder_version=\u00a0\u00bb3.0.89&Prime;][et_pb_column type=\u00a0\u00bb1_2&Prime; _builder_version=\u00a0\u00bb3.0.47&Prime; padding_top=\u00a0\u00bb100px\u00a0\u00bb parallax=\u00a0\u00bboff\u00a0\u00bb parallax_method=\u00a0\u00bbon\u00a0\u00bb background_repeat=\u00a0\u00bbno-repeat\u00a0\u00bb][\/et_pb_column][et_pb_column type=\u00a0\u00bb1_2&Prime; _builder_version=\u00a0\u00bb3.0.47&Prime; padding_bottom=\u00a0\u00bb150px\u00a0\u00bb padding_left=\u00a0\u00bb5%\u00a0\u00bb padding_right=\u00a0\u00bb5%\u00a0\u00bb padding_top=\u00a0\u00bb150px\u00a0\u00bb background_color=\u00a0\u00bb#ffffff\u00a0\u00bb parallax=\u00a0\u00bboff\u00a0\u00bb parallax_method=\u00a0\u00bbon\u00a0\u00bb][et_pb_text admin_label=\u00a0\u00bbTitre + Texte 1&Prime; _builder_version=\u00a0\u00bb3.17.6&Prime; text_font=\u00a0\u00bbBrandon grotesque medium||||||||\u00a0\u00bb text_text_color=\u00a0\u00bbrgba(37,53,66,0.7)\u00a0\u00bb text_font_size=\u00a0\u00bb18px\u00a0\u00bb text_line_height=\u00a0\u00bb1.8em\u00a0\u00bb header_font=\u00a0\u00bb|900|||||||\u00a0\u00bb header_text_color=\u00a0\u00bb#253542&Prime; header_font_size=\u00a0\u00bb40px\u00a0\u00bb header_letter_spacing=\u00a0\u00bb7px\u00a0\u00bb header_line_height=\u00a0\u00bb1.4em\u00a0\u00bb header_2_font=\u00a0\u00bbNunito Sans|900||on|||||\u00a0\u00bb header_2_text_color=\u00a0\u00bb#253542&Prime; header_2_font_size=\u00a0\u00bb34px\u00a0\u00bb header_2_letter_spacing=\u00a0\u00bb7px\u00a0\u00bb header_2_line_height=\u00a0\u00bb1.4em\u00a0\u00bb max_width=\u00a0\u00bb600px\u00a0\u00bb max_width_last_edited=\u00a0\u00bbon|phone\u00a0\u00bb module_alignment=\u00a0\u00bbcenter\u00a0\u00bb custom_margin=\u00a0\u00bb-50px|||\u00a0\u00bb custom_padding=\u00a0\u00bb|||\u00a0\u00bb animation_style=\u00a0\u00bbzoom\u00a0\u00bb animation_direction=\u00a0\u00bbleft\u00a0\u00bb animation_intensity_zoom=\u00a0\u00bb10%\u00a0\u00bb]<\/p>\n<h2> Qui suis-je ?<\/h2>\n<p>Dipl\u00f4m\u00e9e de l\u2019ESAD (Ecole Sup\u00e9rieure des Assistants de Direction) et titulaire d\u2019un BTS Bureautique et Secr\u00e9tariat, je b\u00e9n\u00e9ficie d\u2019une exp\u00e9rience professionnelle de plus de 25 ans \u00e0 travers laquelle j\u2019ai d\u00e9velopp\u00e9 mes comp\u00e9tences dans le domaine de l\u2019assistance administrative. <\/p>\n<p>Mes comp\u00e9tences portent essentiellement sur la gestion administrative, l\u2019assistance commerciale, la gestion de l\u2019activit\u00e9 de l\u2019entreprise, la pr\u00e9paration des documents pour l\u2019expert-comptable ainsi que la gestion des ressources humaines.<\/p>\n<p>Je dispose \u00e9galement d\u2019une expertise en ing\u00e9nierie p\u00e9dagogique. Professeur des \u00e9coles stagiaire durant 3 ans, j\u2019ai \u00e9galement rempli pendant 6 ans la fonction d\u2019assistante de formation, puis de coordinatrice p\u00e9dagogique.<\/p>\n<p>Apr\u00e8s un licenciement \u00e9conomique survenu en novembre 2017, j\u2019ai pris la d\u00e9cision de me mettre \u00e0 mon compte en qualit\u00e9 d\u2019assistante administrative ind\u00e9pendante.<\/p>\n<p>\u00c9prise de libert\u00e9, guid\u00e9e par les valeurs de justice et de respect, j\u2019ai souhait\u00e9 replacer l\u2019humain au c\u0153ur de mon quotidien professionnel, fondant ainsi les racines de ma marque\u2026<\/p>\n<p>J\u2019aborde le m\u00e9tier d\u2019assistante administrative de fa\u00e7on holistique. Pour moi, il faut absolument d\u00e9passer la vision simpliste de l\u2019\u00e9criture administrative ex\u00e9cut\u00e9e par un tiers et positionner l\u2019assistante administrative comme la partenaire sans faille de la r\u00e9ussite de l\u2019entreprise.<\/p>\n<p>L\u2019ancrage de ma marque est l\u2019alternative : apporter aux petites entreprises un recours moins on\u00e9reux qu\u2019une embauche tout en demeurant libre.<\/p>\n<p>Pour accompagner mes clients, je mise sur mon s\u00e9rieux, mon investissement et ma pers\u00e9v\u00e9rance.<\/p>\n<p>[\/et_pb_text][et_pb_cta button_url=\u00a0\u00bbhttps:\/\/lecarreadministratif.fr\/index.php\/contact\/\u00a0\u00bb button_text=\u00a0\u00bbMe contacter\u00a0\u00bb _builder_version=\u00a0\u00bb3.17.6&Prime; header_font=\u00a0\u00bbBrandon grotesque bold||||||||\u00a0\u00bb header_font_size=\u00a0\u00bb37px\u00a0\u00bb custom_button=\u00a0\u00bbon\u00a0\u00bb button_text_size=\u00a0\u00bb22px\u00a0\u00bb button_font=\u00a0\u00bbBrandon grotesque bold||||||||\u00a0\u00bb custom_margin=\u00a0\u00bb100px|||6px\u00a0\u00bb link_option_url=\u00a0\u00bbhttps:\/\/lecarreadministratif.fr\/index.php\/contact\/\u00a0\u00bb]<\/p>\n<p style=\"text-align: center;\">Pour toute demande d&rsquo;information<\/p>\n<p style=\"text-align: center;\">ou pour l&rsquo;\u00e9tablissement d&rsquo;un devis personnalis\u00e9, je vous invite \u00e0 me contacter.<\/p>\n<p>[\/et_pb_cta][\/et_pb_column][\/et_pb_row][\/et_pb_section]<\/p>\n","protected":false},"excerpt":{"rendered":"<p>&nbsp; Voici un descriptif de mon exp\u00e9rience, de mes comp\u00e9tences et de mes valeurs. &nbsp; Bonne lecture \u00e0 vous ! Qui suis-je ? Dipl\u00f4m\u00e9e de l\u2019ESAD (Ecole Sup\u00e9rieure des Assistants de Direction) et titulaire d\u2019un BTS Bureautique et Secr\u00e9tariat, je b\u00e9n\u00e9ficie d\u2019une exp\u00e9rience professionnelle de plus de 25 ans \u00e0 travers laquelle j\u2019ai d\u00e9velopp\u00e9 mes [&hellip;]<\/p>\n","protected":false},"author":2,"featured_media":0,"parent":0,"menu_order":0,"comment_status":"closed","ping_status":"closed","template":"","meta":{"_et_pb_use_builder":"on","_et_pb_old_content":"","_et_gb_content_width":"","_exactmetrics_skip_tracking":false,"_exactmetrics_sitenote_active":false,"_exactmetrics_sitenote_note":"","_exactmetrics_sitenote_category":0},"yoast_head":"<!-- This site is optimized with the Yoast SEO plugin v19.4 - https:\/\/yoast.com\/wordpress\/plugins\/seo\/ -->\n<title>- Le carr\u00e9 administratif<\/title>\n<meta name=\"robots\" content=\"index, follow, max-snippet:-1, max-image-preview:large, max-video-preview:-1\" \/>\n<link rel=\"canonical\" href=\"https:\/\/lecarreadministratif.fr\/index.php\/a-propos\/\" \/>\n<meta property=\"og:locale\" content=\"fr_FR\" \/>\n<meta property=\"og:type\" content=\"article\" \/>\n<meta property=\"og:title\" content=\"- Le carr\u00e9 administratif\" \/>\n<meta property=\"og:description\" content=\"&nbsp; Voici un descriptif de mon exp\u00e9rience, de mes comp\u00e9tences et de mes valeurs. &nbsp; Bonne lecture \u00e0 vous ! Qui suis-je ? Dipl\u00f4m\u00e9e de l\u2019ESAD (Ecole Sup\u00e9rieure des Assistants de Direction) et titulaire d\u2019un BTS Bureautique et Secr\u00e9tariat, je b\u00e9n\u00e9ficie d\u2019une exp\u00e9rience professionnelle de plus de 25 ans \u00e0 travers laquelle j\u2019ai d\u00e9velopp\u00e9 mes [&hellip;]\" \/>\n<meta property=\"og:url\" content=\"https:\/\/lecarreadministratif.fr\/index.php\/a-propos\/\" \/>\n<meta property=\"og:site_name\" content=\"Le carr\u00e9 administratif\" \/>\n<meta property=\"article:modified_time\" content=\"2019-01-10T16:18:25+00:00\" \/>\n<meta name=\"twitter:card\" content=\"summary_large_image\" \/>\n<meta name=\"twitter:label1\" content=\"Dur\u00e9e de lecture estim\u00e9e\" \/>\n\t<meta name=\"twitter:data1\" content=\"5 minutes\" \/>\n<script type=\"application\/ld+json\" class=\"yoast-schema-graph\">{\"@context\":\"https:\/\/schema.org\",\"@graph\":[{\"@type\":\"WebSite\",\"@id\":\"https:\/\/lecarreadministratif.fr\/#website\",\"url\":\"https:\/\/lecarreadministratif.fr\/\",\"name\":\"Le carr\u00e9 administratif\",\"description\":\"G\u00e8re pour vous\",\"potentialAction\":[{\"@type\":\"SearchAction\",\"target\":{\"@type\":\"EntryPoint\",\"urlTemplate\":\"https:\/\/lecarreadministratif.fr\/?s={search_term_string}\"},\"query-input\":\"required name=search_term_string\"}],\"inLanguage\":\"fr-FR\"},{\"@type\":\"WebPage\",\"@id\":\"https:\/\/lecarreadministratif.fr\/index.php\/a-propos\/\",\"url\":\"https:\/\/lecarreadministratif.fr\/index.php\/a-propos\/\",\"name\":\"- Le carr\u00e9 administratif\",\"isPartOf\":{\"@id\":\"https:\/\/lecarreadministratif.fr\/#website\"},\"datePublished\":\"2018-10-08T13:45:17+00:00\",\"dateModified\":\"2019-01-10T16:18:25+00:00\",\"breadcrumb\":{\"@id\":\"https:\/\/lecarreadministratif.fr\/index.php\/a-propos\/#breadcrumb\"},\"inLanguage\":\"fr-FR\",\"potentialAction\":[{\"@type\":\"ReadAction\",\"target\":[\"https:\/\/lecarreadministratif.fr\/index.php\/a-propos\/\"]}]},{\"@type\":\"BreadcrumbList\",\"@id\":\"https:\/\/lecarreadministratif.fr\/index.php\/a-propos\/#breadcrumb\",\"itemListElement\":[{\"@type\":\"ListItem\",\"position\":1,\"name\":\"Home\",\"item\":\"https:\/\/lecarreadministratif.fr\/\"},{\"@type\":\"ListItem\",\"position\":2,\"name\":\"\"}]}]}<\/script>\n<!-- \/ Yoast SEO plugin. -->","yoast_head_json":{"title":"- Le carr\u00e9 administratif","robots":{"index":"index","follow":"follow","max-snippet":"max-snippet:-1","max-image-preview":"max-image-preview:large","max-video-preview":"max-video-preview:-1"},"canonical":"https:\/\/lecarreadministratif.fr\/index.php\/a-propos\/","og_locale":"fr_FR","og_type":"article","og_title":"- Le carr\u00e9 administratif","og_description":"&nbsp; Voici un descriptif de mon exp\u00e9rience, de mes comp\u00e9tences et de mes valeurs. &nbsp; Bonne lecture \u00e0 vous ! Qui suis-je ? Dipl\u00f4m\u00e9e de l\u2019ESAD (Ecole Sup\u00e9rieure des Assistants de Direction) et titulaire d\u2019un BTS Bureautique et Secr\u00e9tariat, je b\u00e9n\u00e9ficie d\u2019une exp\u00e9rience professionnelle de plus de 25 ans \u00e0 travers laquelle j\u2019ai d\u00e9velopp\u00e9 mes [&hellip;]","og_url":"https:\/\/lecarreadministratif.fr\/index.php\/a-propos\/","og_site_name":"Le carr\u00e9 administratif","article_modified_time":"2019-01-10T16:18:25+00:00","twitter_card":"summary_large_image","twitter_misc":{"Dur\u00e9e de lecture estim\u00e9e":"5 minutes"},"schema":{"@context":"https:\/\/schema.org","@graph":[{"@type":"WebSite","@id":"https:\/\/lecarreadministratif.fr\/#website","url":"https:\/\/lecarreadministratif.fr\/","name":"Le carr\u00e9 administratif","description":"G\u00e8re pour vous","potentialAction":[{"@type":"SearchAction","target":{"@type":"EntryPoint","urlTemplate":"https:\/\/lecarreadministratif.fr\/?s={search_term_string}"},"query-input":"required name=search_term_string"}],"inLanguage":"fr-FR"},{"@type":"WebPage","@id":"https:\/\/lecarreadministratif.fr\/index.php\/a-propos\/","url":"https:\/\/lecarreadministratif.fr\/index.php\/a-propos\/","name":"- Le carr\u00e9 administratif","isPartOf":{"@id":"https:\/\/lecarreadministratif.fr\/#website"},"datePublished":"2018-10-08T13:45:17+00:00","dateModified":"2019-01-10T16:18:25+00:00","breadcrumb":{"@id":"https:\/\/lecarreadministratif.fr\/index.php\/a-propos\/#breadcrumb"},"inLanguage":"fr-FR","potentialAction":[{"@type":"ReadAction","target":["https:\/\/lecarreadministratif.fr\/index.php\/a-propos\/"]}]},{"@type":"BreadcrumbList","@id":"https:\/\/lecarreadministratif.fr\/index.php\/a-propos\/#breadcrumb","itemListElement":[{"@type":"ListItem","position":1,"name":"Home","item":"https:\/\/lecarreadministratif.fr\/"},{"@type":"ListItem","position":2,"name":""}]}]}},"_links":{"self":[{"href":"https:\/\/lecarreadministratif.fr\/index.php\/wp-json\/wp\/v2\/pages\/32"}],"collection":[{"href":"https:\/\/lecarreadministratif.fr\/index.php\/wp-json\/wp\/v2\/pages"}],"about":[{"href":"https:\/\/lecarreadministratif.fr\/index.php\/wp-json\/wp\/v2\/types\/page"}],"author":[{"embeddable":true,"href":"https:\/\/lecarreadministratif.fr\/index.php\/wp-json\/wp\/v2\/users\/2"}],"replies":[{"embeddable":true,"href":"https:\/\/lecarreadministratif.fr\/index.php\/wp-json\/wp\/v2\/comments?post=32"}],"version-history":[{"count":18,"href":"https:\/\/lecarreadministratif.fr\/index.php\/wp-json\/wp\/v2\/pages\/32\/revisions"}],"predecessor-version":[{"id":1578,"href":"https:\/\/lecarreadministratif.fr\/index.php\/wp-json\/wp\/v2\/pages\/32\/revisions\/1578"}],"wp:attachment":[{"href":"https:\/\/lecarreadministratif.fr\/index.php\/wp-json\/wp\/v2\/media?parent=32"}],"curies":[{"name":"wp","href":"https:\/\/api.w.org\/{rel}","templated":true}]}}