{"id":56,"date":"2018-10-15T11:03:49","date_gmt":"2018-10-15T09:03:49","guid":{"rendered":"https:\/\/lecarreadministratif.fr\/?page_id=56"},"modified":"2019-01-14T11:13:18","modified_gmt":"2019-01-14T10:13:18","slug":"gestion-administrative","status":"publish","type":"page","link":"https:\/\/lecarreadministratif.fr\/index.php\/gestion-administrative\/","title":{"rendered":"Assistante administrative ind\u00e9pendante Lille &#8211; Secr\u00e9tariat &#8211; Gestion administrative"},"content":{"rendered":"<p>[et_pb_section fb_built=\u00a0\u00bb1&Prime; _builder_version=\u00a0\u00bb3.18.2&Prime; background_color=\u00a0\u00bbrgba(0,0,0,0.61)\u00a0\u00bb background_image=\u00a0\u00bbhttps:\/\/lecarreadministratif.fr\/wp-content\/uploads\/Le-carre-administratif-gere-pour-vous-e1545044248519.jpg\u00a0\u00bb custom_padding=\u00a0\u00bb54px|0|54px|0px|false|false\u00a0\u00bb][et_pb_row use_custom_width=\u00a0\u00bbon\u00a0\u00bb custom_width_px=\u00a0\u00bb1119px\u00a0\u00bb custom_padding=\u00a0\u00bb13px|22px|30px|22px|false|false\u00a0\u00bb custom_margin=\u00a0\u00bb5px||\u00a0\u00bb padding_left_2=\u00a0\u00bb20px\u00a0\u00bb _builder_version=\u00a0\u00bb3.19.3&Prime; background_color=\u00a0\u00bb#e94e1b\u00a0\u00bb background_size=\u00a0\u00bbinitial\u00a0\u00bb background_position=\u00a0\u00bbtop_left\u00a0\u00bb background_repeat=\u00a0\u00bbrepeat\u00a0\u00bb][et_pb_column type=\u00a0\u00bb2_5&Prime; _builder_version=\u00a0\u00bb3.0.47&Prime; parallax=\u00a0\u00bboff\u00a0\u00bb parallax_method=\u00a0\u00bbon\u00a0\u00bb][et_pb_image src=\u00a0\u00bbhttps:\/\/lecarreadministratif.fr\/wp-content\/uploads\/Gestion-administrative-Le-carre-administratif.jpg\u00a0\u00bb alt=\u00a0\u00bbGestion administrative\u00a0\u00bb title_text=\u00a0\u00bbGestion administrative\u00a0\u00bb _builder_version=\u00a0\u00bb3.19.3&Prime; border_color_all=\u00a0\u00bb#ffffff\u00a0\u00bb custom_margin=\u00a0\u00bb32px|7px||4px\u00a0\u00bb]<\/p>\n<p>&nbsp;<\/p>\n<p>[\/et_pb_image][\/et_pb_column][et_pb_column type=\u00a0\u00bb3_5&Prime; _builder_version=\u00a0\u00bb3.0.47&Prime; padding_left=\u00a0\u00bb20px\u00a0\u00bb parallax=\u00a0\u00bboff\u00a0\u00bb parallax_method=\u00a0\u00bbon\u00a0\u00bb][et_pb_text _builder_version=\u00a0\u00bb3.19.3&Prime; text_font=\u00a0\u00bb||||||||\u00a0\u00bb text_text_color=\u00a0\u00bbrgba(0,0,0,0.64)\u00a0\u00bb header_font=\u00a0\u00bbBrandon grotesque||||||||\u00a0\u00bb header_text_align=\u00a0\u00bbcenter\u00a0\u00bb header_text_color=\u00a0\u00bb#e06100&Prime; header_font_size=\u00a0\u00bb35px\u00a0\u00bb header_font_size_phone=\u00a0\u00bb17px\u00a0\u00bb header_font_size_last_edited=\u00a0\u00bbon|phone\u00a0\u00bb header_letter_spacing=\u00a0\u00bb3px\u00a0\u00bb header_2_font=\u00a0\u00bb|700|||||||\u00a0\u00bb header_2_font_size_phone=\u00a0\u00bb20px\u00a0\u00bb header_2_font_size_last_edited=\u00a0\u00bbon|phone\u00a0\u00bb background_color=\u00a0\u00bb#ffffff\u00a0\u00bb custom_margin=\u00a0\u00bb32px|||-10px\u00a0\u00bb custom_padding=\u00a0\u00bb50px|20px|15px|29px\u00a0\u00bb hover_enabled=\u00a0\u00bb0&Prime;]<\/p>\n<h1 style=\"text-align: center;\"><span style=\"color: #e94e1b;\">GESTION<br \/> ADMINISTRATIVE<\/span><\/h1>\n<h2><\/h2>\n<h2><\/h2>\n<p>&nbsp;<\/p>\n<h2>Montage de dossiers :<\/h2>\n<ul>\n<li>Elaboration de vos <strong>dossiers<\/strong> professionnels (certification Qualit\u00e9,<br \/> r\u00e9f\u00e9rencement, &#8230;)<\/li>\n<\/ul>\n<h2><\/h2>\n<h2>R\u00e9daction et mise en valeur :<\/h2>\n<ul>\n<li>R\u00e9daction et mise en page de vos <strong>documents internes et externes<\/strong><br \/> (plaquettes, pr\u00e9sentation de l\u2019entreprise, comptes rendus, lettres, contrats, &#8230;)<\/li>\n<li>Correction de tout type de document<\/li>\n<li>Conception de vos <strong>mod\u00e8les type de documents<\/strong><\/li>\n<\/ul>\n<h2><\/h2>\n<h2>Organisation :<\/h2>\n<ul>\n<li>Tenue de votre <strong>agenda<\/strong><\/li>\n<li>Gestion de vos\u00a0<strong>plannings<\/strong><\/li>\n<li>Organisation de vos <strong>d\u00e9placements<\/strong><\/li>\n<\/ul>\n<h2><\/h2>\n<h2>Autres :<\/h2>\n<ul>\n<li>Commande de <strong>fournitures<\/strong><\/li>\n<li>Saisie de vos <strong>notes de frais<\/strong><strong><\/strong><\/li>\n<\/ul>\n<p>[\/et_pb_text][\/et_pb_column][\/et_pb_row][et_pb_row use_custom_width=\u00a0\u00bbon\u00a0\u00bb custom_width_px=\u00a0\u00bb1119px\u00a0\u00bb custom_padding=\u00a0\u00bb32px|0px|44px|0px|false|false\u00a0\u00bb custom_margin=\u00a0\u00bb||-15px\u00a0\u00bb _builder_version=\u00a0\u00bb3.19.3&Prime; background_color=\u00a0\u00bb#706f6f\u00a0\u00bb][et_pb_column type=\u00a0\u00bb1_4&Prime; _builder_version=\u00a0\u00bb3.0.47&Prime; parallax=\u00a0\u00bboff\u00a0\u00bb parallax_method=\u00a0\u00bbon\u00a0\u00bb][et_pb_cta button_url=\u00a0\u00bbhttps:\/\/lecarreadministratif.fr\/index.php\/contact\/\u00a0\u00bb button_text=\u00a0\u00bbMe contacter\u00a0\u00bb _builder_version=\u00a0\u00bb3.18.2&Prime; use_background_color=\u00a0\u00bboff\u00a0\u00bb custom_button=\u00a0\u00bbon\u00a0\u00bb button_border_width=\u00a0\u00bb16px\u00a0\u00bb button_border_radius=\u00a0\u00bb17px\u00a0\u00bb button_font=\u00a0\u00bbBrandon grotesque medium||||||||\u00a0\u00bb button_icon=\u00a0\u00bb%%36%%\u00a0\u00bb button_icon_color=\u00a0\u00bb#ffffff\u00a0\u00bb custom_padding=\u00a0\u00bb1px||\u00a0\u00bb]<br \/>\n[\/et_pb_cta][\/et_pb_column][et_pb_column type=\u00a0\u00bb1_4&Prime; _builder_version=\u00a0\u00bb3.0.47&Prime; parallax=\u00a0\u00bboff\u00a0\u00bb parallax_method=\u00a0\u00bbon\u00a0\u00bb][et_pb_cta button_url=\u00a0\u00bbhttps:\/\/lecarreadministratif.fr\/index.php\/gestion-commerciale\/\u00a0\u00bb button_text=\u00a0\u00bbGESTION COMMERCIALE\u00a0\u00bb _builder_version=\u00a0\u00bb3.17.6&Prime; use_background_color=\u00a0\u00bboff\u00a0\u00bb border_color_all=\u00a0\u00bb#ffffff\u00a0\u00bb custom_button=\u00a0\u00bbon\u00a0\u00bb button_text_color=\u00a0\u00bb#ffffff\u00a0\u00bb button_border_width=\u00a0\u00bb0px\u00a0\u00bb button_border_radius=\u00a0\u00bb15px\u00a0\u00bb button_font=\u00a0\u00bbBrandon grotesque medium||||||||\u00a0\u00bb button_on_hover=\u00a0\u00bboff\u00a0\u00bb button_alignment=\u00a0\u00bbcenter\u00a0\u00bb custom_margin=\u00a0\u00bb0px|5px|0px|5px\u00a0\u00bb custom_padding=\u00a0\u00bb0px||\u00a0\u00bb]<br \/>\n[\/et_pb_cta][\/et_pb_column][et_pb_column type=\u00a0\u00bb1_4&Prime; _builder_version=\u00a0\u00bb3.0.47&Prime; parallax=\u00a0\u00bboff\u00a0\u00bb parallax_method=\u00a0\u00bbon\u00a0\u00bb][et_pb_cta button_url=\u00a0\u00bbhttps:\/\/lecarreadministratif.fr\/index.php\/gestion-des-ressources-humaines\/\u00a0\u00bb button_text=\u00a0\u00bbGESTION DES RESSOURCES HUMAINES\u00a0\u00bb _builder_version=\u00a0\u00bb3.17.6&Prime; use_background_color=\u00a0\u00bboff\u00a0\u00bb border_color_all=\u00a0\u00bb#ffffff\u00a0\u00bb custom_button=\u00a0\u00bbon\u00a0\u00bb button_text_color=\u00a0\u00bb#ffffff\u00a0\u00bb button_border_width=\u00a0\u00bb0px\u00a0\u00bb button_border_radius=\u00a0\u00bb15px\u00a0\u00bb button_font=\u00a0\u00bbBrandon grotesque medium||||||||\u00a0\u00bb button_on_hover=\u00a0\u00bboff\u00a0\u00bb button_alignment=\u00a0\u00bbcenter\u00a0\u00bb custom_margin=\u00a0\u00bb0px|5px|0px|5px\u00a0\u00bb custom_padding=\u00a0\u00bb0px||\u00a0\u00bb]<br \/>\n[\/et_pb_cta][\/et_pb_column][et_pb_column type=\u00a0\u00bb1_4&Prime; _builder_version=\u00a0\u00bb3.0.47&Prime; parallax=\u00a0\u00bboff\u00a0\u00bb parallax_method=\u00a0\u00bbon\u00a0\u00bb][et_pb_cta button_url=\u00a0\u00bbhttps:\/\/lecarreadministratif.fr\/index.php\/gestion-de-lactivite\/\u00a0\u00bb button_text=\u00a0\u00bbGESTION DE L&rsquo;ACTIVITE\u00a0\u00bb _builder_version=\u00a0\u00bb3.17.6&Prime; use_background_color=\u00a0\u00bboff\u00a0\u00bb border_color_all=\u00a0\u00bb#ffffff\u00a0\u00bb custom_button=\u00a0\u00bbon\u00a0\u00bb button_text_color=\u00a0\u00bb#ffffff\u00a0\u00bb button_border_width=\u00a0\u00bb0px\u00a0\u00bb button_border_radius=\u00a0\u00bb15px\u00a0\u00bb button_font=\u00a0\u00bbBrandon grotesque medium||||||||\u00a0\u00bb button_on_hover=\u00a0\u00bboff\u00a0\u00bb button_alignment=\u00a0\u00bbcenter\u00a0\u00bb custom_margin=\u00a0\u00bb0px|5px|0px|5px\u00a0\u00bb custom_padding=\u00a0\u00bb0px||\u00a0\u00bb]<br \/>\n[\/et_pb_cta][\/et_pb_column][\/et_pb_row][\/et_pb_section]<\/p>\n","protected":false},"excerpt":{"rendered":"<p>&nbsp; GESTION ADMINISTRATIVE &nbsp; Montage de dossiers : Elaboration de vos dossiers professionnels (certification Qualit\u00e9, r\u00e9f\u00e9rencement, &#8230;) R\u00e9daction et mise en valeur : R\u00e9daction et mise en page de vos documents internes et externes (plaquettes, pr\u00e9sentation de l\u2019entreprise, comptes rendus, lettres, contrats, &#8230;) Correction de tout type de document Conception de vos mod\u00e8les type de [&hellip;]<\/p>\n","protected":false},"author":2,"featured_media":0,"parent":0,"menu_order":0,"comment_status":"closed","ping_status":"closed","template":"","meta":{"_et_pb_use_builder":"on","_et_pb_old_content":"","_et_gb_content_width":"","_exactmetrics_skip_tracking":false,"_exactmetrics_sitenote_active":false,"_exactmetrics_sitenote_note":"","_exactmetrics_sitenote_category":0},"yoast_head":"<!-- This site is optimized with the Yoast SEO plugin v19.4 - https:\/\/yoast.com\/wordpress\/plugins\/seo\/ -->\n<title>Assistante administrative ind\u00e9pendante Lille - Secr\u00e9tariat - Gestion administrative - Le carr\u00e9 administratif<\/title>\n<meta name=\"description\" content=\"Votre assistante administrative ind\u00e9pendante nord g\u00e8re votre secr\u00e9tariat : r\u00e9daction, correction et\/ou mise en valeur de vos documents internes et externes.\" \/>\n<meta name=\"robots\" content=\"index, follow, max-snippet:-1, max-image-preview:large, max-video-preview:-1\" \/>\n<link rel=\"canonical\" href=\"https:\/\/lecarreadministratif.fr\/index.php\/gestion-administrative\/\" \/>\n<meta property=\"og:locale\" content=\"fr_FR\" \/>\n<meta property=\"og:type\" content=\"article\" \/>\n<meta property=\"og:title\" content=\"Assistante administrative ind\u00e9pendante Lille - Secr\u00e9tariat - Gestion administrative - Le carr\u00e9 administratif\" \/>\n<meta property=\"og:description\" content=\"Votre assistante administrative ind\u00e9pendante nord g\u00e8re votre secr\u00e9tariat : r\u00e9daction, correction et\/ou mise en valeur de vos documents internes et externes.\" \/>\n<meta property=\"og:url\" content=\"https:\/\/lecarreadministratif.fr\/index.php\/gestion-administrative\/\" \/>\n<meta property=\"og:site_name\" content=\"Le carr\u00e9 administratif\" \/>\n<meta property=\"article:modified_time\" content=\"2019-01-14T10:13:18+00:00\" \/>\n<meta name=\"twitter:card\" content=\"summary_large_image\" \/>\n<meta name=\"twitter:label1\" content=\"Dur\u00e9e de lecture estim\u00e9e\" \/>\n\t<meta name=\"twitter:data1\" content=\"3 minutes\" \/>\n<script type=\"application\/ld+json\" class=\"yoast-schema-graph\">{\"@context\":\"https:\/\/schema.org\",\"@graph\":[{\"@type\":\"WebSite\",\"@id\":\"https:\/\/lecarreadministratif.fr\/#website\",\"url\":\"https:\/\/lecarreadministratif.fr\/\",\"name\":\"Le carr\u00e9 administratif\",\"description\":\"G\u00e8re pour vous\",\"potentialAction\":[{\"@type\":\"SearchAction\",\"target\":{\"@type\":\"EntryPoint\",\"urlTemplate\":\"https:\/\/lecarreadministratif.fr\/?s={search_term_string}\"},\"query-input\":\"required name=search_term_string\"}],\"inLanguage\":\"fr-FR\"},{\"@type\":\"WebPage\",\"@id\":\"https:\/\/lecarreadministratif.fr\/index.php\/gestion-administrative\/\",\"url\":\"https:\/\/lecarreadministratif.fr\/index.php\/gestion-administrative\/\",\"name\":\"Assistante administrative ind\u00e9pendante Lille - Secr\u00e9tariat - Gestion administrative - Le carr\u00e9 administratif\",\"isPartOf\":{\"@id\":\"https:\/\/lecarreadministratif.fr\/#website\"},\"datePublished\":\"2018-10-15T09:03:49+00:00\",\"dateModified\":\"2019-01-14T10:13:18+00:00\",\"description\":\"Votre assistante administrative ind\u00e9pendante nord g\u00e8re votre secr\u00e9tariat : r\u00e9daction, correction et\/ou mise en valeur de vos documents internes et externes.\",\"breadcrumb\":{\"@id\":\"https:\/\/lecarreadministratif.fr\/index.php\/gestion-administrative\/#breadcrumb\"},\"inLanguage\":\"fr-FR\",\"potentialAction\":[{\"@type\":\"ReadAction\",\"target\":[\"https:\/\/lecarreadministratif.fr\/index.php\/gestion-administrative\/\"]}]},{\"@type\":\"BreadcrumbList\",\"@id\":\"https:\/\/lecarreadministratif.fr\/index.php\/gestion-administrative\/#breadcrumb\",\"itemListElement\":[{\"@type\":\"ListItem\",\"position\":1,\"name\":\"Home\",\"item\":\"https:\/\/lecarreadministratif.fr\/\"},{\"@type\":\"ListItem\",\"position\":2,\"name\":\"Assistante administrative ind\u00e9pendante Lille &#8211; Secr\u00e9tariat &#8211; Gestion administrative\"}]}]}<\/script>\n<!-- \/ Yoast SEO plugin. -->","yoast_head_json":{"title":"Assistante administrative ind\u00e9pendante Lille - Secr\u00e9tariat - Gestion administrative - Le carr\u00e9 administratif","description":"Votre assistante administrative ind\u00e9pendante nord g\u00e8re votre secr\u00e9tariat : r\u00e9daction, correction et\/ou mise en valeur de vos documents internes et externes.","robots":{"index":"index","follow":"follow","max-snippet":"max-snippet:-1","max-image-preview":"max-image-preview:large","max-video-preview":"max-video-preview:-1"},"canonical":"https:\/\/lecarreadministratif.fr\/index.php\/gestion-administrative\/","og_locale":"fr_FR","og_type":"article","og_title":"Assistante administrative ind\u00e9pendante Lille - Secr\u00e9tariat - Gestion administrative - Le carr\u00e9 administratif","og_description":"Votre assistante administrative ind\u00e9pendante nord g\u00e8re votre secr\u00e9tariat : r\u00e9daction, correction et\/ou mise en valeur de vos documents internes et externes.","og_url":"https:\/\/lecarreadministratif.fr\/index.php\/gestion-administrative\/","og_site_name":"Le carr\u00e9 administratif","article_modified_time":"2019-01-14T10:13:18+00:00","twitter_card":"summary_large_image","twitter_misc":{"Dur\u00e9e de lecture estim\u00e9e":"3 minutes"},"schema":{"@context":"https:\/\/schema.org","@graph":[{"@type":"WebSite","@id":"https:\/\/lecarreadministratif.fr\/#website","url":"https:\/\/lecarreadministratif.fr\/","name":"Le carr\u00e9 administratif","description":"G\u00e8re pour vous","potentialAction":[{"@type":"SearchAction","target":{"@type":"EntryPoint","urlTemplate":"https:\/\/lecarreadministratif.fr\/?s={search_term_string}"},"query-input":"required name=search_term_string"}],"inLanguage":"fr-FR"},{"@type":"WebPage","@id":"https:\/\/lecarreadministratif.fr\/index.php\/gestion-administrative\/","url":"https:\/\/lecarreadministratif.fr\/index.php\/gestion-administrative\/","name":"Assistante administrative ind\u00e9pendante Lille - Secr\u00e9tariat - Gestion administrative - Le carr\u00e9 administratif","isPartOf":{"@id":"https:\/\/lecarreadministratif.fr\/#website"},"datePublished":"2018-10-15T09:03:49+00:00","dateModified":"2019-01-14T10:13:18+00:00","description":"Votre assistante administrative ind\u00e9pendante nord g\u00e8re votre secr\u00e9tariat : r\u00e9daction, correction et\/ou mise en valeur de vos documents internes et externes.","breadcrumb":{"@id":"https:\/\/lecarreadministratif.fr\/index.php\/gestion-administrative\/#breadcrumb"},"inLanguage":"fr-FR","potentialAction":[{"@type":"ReadAction","target":["https:\/\/lecarreadministratif.fr\/index.php\/gestion-administrative\/"]}]},{"@type":"BreadcrumbList","@id":"https:\/\/lecarreadministratif.fr\/index.php\/gestion-administrative\/#breadcrumb","itemListElement":[{"@type":"ListItem","position":1,"name":"Home","item":"https:\/\/lecarreadministratif.fr\/"},{"@type":"ListItem","position":2,"name":"Assistante administrative ind\u00e9pendante Lille &#8211; Secr\u00e9tariat &#8211; Gestion administrative"}]}]}},"_links":{"self":[{"href":"https:\/\/lecarreadministratif.fr\/index.php\/wp-json\/wp\/v2\/pages\/56"}],"collection":[{"href":"https:\/\/lecarreadministratif.fr\/index.php\/wp-json\/wp\/v2\/pages"}],"about":[{"href":"https:\/\/lecarreadministratif.fr\/index.php\/wp-json\/wp\/v2\/types\/page"}],"author":[{"embeddable":true,"href":"https:\/\/lecarreadministratif.fr\/index.php\/wp-json\/wp\/v2\/users\/2"}],"replies":[{"embeddable":true,"href":"https:\/\/lecarreadministratif.fr\/index.php\/wp-json\/wp\/v2\/comments?post=56"}],"version-history":[{"count":80,"href":"https:\/\/lecarreadministratif.fr\/index.php\/wp-json\/wp\/v2\/pages\/56\/revisions"}],"predecessor-version":[{"id":1672,"href":"https:\/\/lecarreadministratif.fr\/index.php\/wp-json\/wp\/v2\/pages\/56\/revisions\/1672"}],"wp:attachment":[{"href":"https:\/\/lecarreadministratif.fr\/index.php\/wp-json\/wp\/v2\/media?parent=56"}],"curies":[{"name":"wp","href":"https:\/\/api.w.org\/{rel}","templated":true}]}}