{"id":59,"date":"2018-10-15T11:06:16","date_gmt":"2018-10-15T09:06:16","guid":{"rendered":"https:\/\/lecarreadministratif.fr\/?page_id=59"},"modified":"2019-01-14T11:17:19","modified_gmt":"2019-01-14T10:17:19","slug":"gestion-commerciale","status":"publish","type":"page","link":"https:\/\/lecarreadministratif.fr\/index.php\/gestion-commerciale\/","title":{"rendered":"Gestion commerciale &#8211; Relation clients &#8211; Devis &#8211; Factures &#8211; CRM"},"content":{"rendered":"<p>[et_pb_section fb_built=\u00a0\u00bb1&Prime; _builder_version=\u00a0\u00bb3.17.6&Prime; background_color=\u00a0\u00bbrgba(0,0,0,0.61)\u00a0\u00bb background_image=\u00a0\u00bbhttps:\/\/lecarreadministratif.fr\/wp-content\/uploads\/Le-carr\u00e9-administratif-g\u00e8re-pour-vous.jpg\u00a0\u00bb custom_padding=\u00a0\u00bb54px|0|54px|0px|false|false\u00a0\u00bb][et_pb_row custom_padding=\u00a0\u00bb27px|22px|27px|22px|false|false\u00a0\u00bb padding_left_2=\u00a0\u00bb22px\u00a0\u00bb _builder_version=\u00a0\u00bb3.17.2&Prime; background_color=\u00a0\u00bb#e94e1b\u00a0\u00bb background_size=\u00a0\u00bbinitial\u00a0\u00bb background_position=\u00a0\u00bbtop_left\u00a0\u00bb background_repeat=\u00a0\u00bbrepeat\u00a0\u00bb][et_pb_column type=\u00a0\u00bb2_5&Prime; _builder_version=\u00a0\u00bb3.0.47&Prime; parallax=\u00a0\u00bboff\u00a0\u00bb parallax_method=\u00a0\u00bbon\u00a0\u00bb][et_pb_image src=\u00a0\u00bbhttps:\/\/lecarreadministratif.fr\/wp-content\/uploads\/Gestion-commerciale-Le-carre-administratif-e1545045645816.jpg\u00a0\u00bb alt=\u00a0\u00bbGestion commerciale\u00a0\u00bb title_text=\u00a0\u00bbGestion commerciale\u00a0\u00bb _builder_version=\u00a0\u00bb3.19.3&Prime; border_color_all=\u00a0\u00bb#ffffff\u00a0\u00bb custom_margin=\u00a0\u00bb32px||\u00a0\u00bb custom_margin_phone=\u00a0\u00bb8px|||\u00a0\u00bb custom_margin_last_edited=\u00a0\u00bbon|phone\u00a0\u00bb][\/et_pb_image][\/et_pb_column][et_pb_column type=\u00a0\u00bb3_5&Prime; _builder_version=\u00a0\u00bb3.0.47&Prime; padding_left=\u00a0\u00bb22px\u00a0\u00bb parallax=\u00a0\u00bboff\u00a0\u00bb parallax_method=\u00a0\u00bbon\u00a0\u00bb][et_pb_text _builder_version=\u00a0\u00bb3.19.3&Prime; text_text_color=\u00a0\u00bbrgba(0,0,0,0.64)\u00a0\u00bb header_font=\u00a0\u00bbBrandon grotesque||||||||\u00a0\u00bb header_font_size_phone=\u00a0\u00bb20px\u00a0\u00bb header_font_size_last_edited=\u00a0\u00bbon|phone\u00a0\u00bb header_letter_spacing=\u00a0\u00bb3px\u00a0\u00bb header_2_font=\u00a0\u00bb||||||||\u00a0\u00bb header_2_font_size_phone=\u00a0\u00bb19px\u00a0\u00bb header_2_font_size_last_edited=\u00a0\u00bbon|phone\u00a0\u00bb background_color=\u00a0\u00bb#ffffff\u00a0\u00bb custom_margin=\u00a0\u00bb32px||\u00a0\u00bb custom_margin_phone=\u00a0\u00bb7px|||-21px\u00a0\u00bb custom_margin_last_edited=\u00a0\u00bbon|phone\u00a0\u00bb custom_padding=\u00a0\u00bb50px|30px|15px|30px\u00a0\u00bb custom_padding_phone=\u00a0\u00bb25px|25px||\u00a0\u00bb custom_padding_last_edited=\u00a0\u00bboff|desktop\u00a0\u00bb hover_enabled=\u00a0\u00bb0&Prime;]<\/p>\n<h1 style=\"text-align: center;\"><span style=\"color: #e94e1b\">GESTION<br \/>\nCOMMERCIALE<\/span><\/h1>\n<p>&nbsp;<\/p>\n<h2><strong>Optimiser votre relation client<\/strong> <strong>\u00e0 travers une :<\/strong><\/h2>\n<p>&nbsp;<\/p>\n<ul>\n<li>\nAssistance dans la gestion de votre <strong>relation client<\/strong> : relances prospects et clients, suivi <strong>devis<\/strong> et <strong>factures<\/strong>, <strong>relance impay\u00e9s<\/strong>&#8230;<\/li>\n<li>Cr\u00e9ation et mise \u00e0 jour de<strong> fichiers clients, prospects et produits<\/strong><\/li>\n<\/ul>\n<h2 style=\"padding-left: 30px;\"><\/h2>\n<p>&nbsp;<\/p>\n<h2><strong>Gagner en efficacit\u00e9 dans vos actions de communication par :<\/strong><\/h2>\n<p>&nbsp;<\/p>\n<ul>\n<li>La conception de vos <strong>supports de communication, de promotion<\/strong><\/li>\n<li>L&rsquo;organisation d\u2019<strong>actions de communication,<\/strong> d\u2019<strong>\u00e9v\u00e9nements<\/strong><\/li>\n<\/ul>\n<p>[\/et_pb_text][\/et_pb_column][\/et_pb_row][et_pb_row custom_padding=\u00a0\u00bb27px|0px|26px|0px|false|false\u00a0\u00bb _builder_version=\u00a0\u00bb3.17.6&Prime; background_color=\u00a0\u00bb#706f6f\u00a0\u00bb][et_pb_column type=\u00a0\u00bb1_4&Prime; _builder_version=\u00a0\u00bb3.0.47&Prime; parallax=\u00a0\u00bboff\u00a0\u00bb parallax_method=\u00a0\u00bbon\u00a0\u00bb][et_pb_cta button_url=\u00a0\u00bbhttps:\/\/lecarreadministratif.fr\/index.php\/contact\/\u00a0\u00bb button_text=\u00a0\u00bbMe contacter\u00a0\u00bb _builder_version=\u00a0\u00bb3.18.2&Prime; use_background_color=\u00a0\u00bboff\u00a0\u00bb border_color_all=\u00a0\u00bb#474747&Prime; border_style_all=\u00a0\u00bbnone\u00a0\u00bb custom_button=\u00a0\u00bbon\u00a0\u00bb button_border_width=\u00a0\u00bb17px\u00a0\u00bb button_border_radius=\u00a0\u00bb17px\u00a0\u00bb button_letter_spacing=\u00a0\u00bb0px\u00a0\u00bb button_font=\u00a0\u00bbBrandon grotesque medium||||||||\u00a0\u00bb button_icon=\u00a0\u00bb%%40%%\u00a0\u00bb custom_padding=\u00a0\u00bb1px||\u00a0\u00bb][\/et_pb_cta][\/et_pb_column][et_pb_column type=\u00a0\u00bb1_4&Prime; _builder_version=\u00a0\u00bb3.0.47&Prime; parallax=\u00a0\u00bboff\u00a0\u00bb parallax_method=\u00a0\u00bbon\u00a0\u00bb][et_pb_cta button_url=\u00a0\u00bbhttps:\/\/lecarreadministratif.fr\/index.php\/gestion-administrative\/\u00a0\u00bb button_text=\u00a0\u00bbGESTION ADMINISTRATIVE\u00a0\u00bb _builder_version=\u00a0\u00bb3.17.2&Prime; use_background_color=\u00a0\u00bboff\u00a0\u00bb border_color_all=\u00a0\u00bb#ffffff\u00a0\u00bb custom_button=\u00a0\u00bbon\u00a0\u00bb button_border_width=\u00a0\u00bb0px\u00a0\u00bb button_border_radius=\u00a0\u00bb15px\u00a0\u00bb button_font=\u00a0\u00bbBrandon grotesque medium||||||||\u00a0\u00bb button_on_hover=\u00a0\u00bboff\u00a0\u00bb button_alignment=\u00a0\u00bbcenter\u00a0\u00bb custom_margin=\u00a0\u00bb0px|5px|0px|5px\u00a0\u00bb custom_padding=\u00a0\u00bb0px||\u00a0\u00bb][\/et_pb_cta][\/et_pb_column][et_pb_column type=\u00a0\u00bb1_4&Prime; _builder_version=\u00a0\u00bb3.0.47&Prime; parallax=\u00a0\u00bboff\u00a0\u00bb parallax_method=\u00a0\u00bbon\u00a0\u00bb][et_pb_cta button_url=\u00a0\u00bbhttps:\/\/lecarreadministratif.fr\/index.php\/gestion-des-ressources-humaines\/\u00a0\u00bb button_text=\u00a0\u00bbGESTION DES RESSOURCES HUMAINES\u00a0\u00bb _builder_version=\u00a0\u00bb3.17.2&Prime; use_background_color=\u00a0\u00bboff\u00a0\u00bb border_color_all=\u00a0\u00bb#ffffff\u00a0\u00bb custom_button=\u00a0\u00bbon\u00a0\u00bb button_border_width=\u00a0\u00bb0px\u00a0\u00bb button_border_radius=\u00a0\u00bb15px\u00a0\u00bb button_font=\u00a0\u00bbBrandon grotesque medium||||||||\u00a0\u00bb button_on_hover=\u00a0\u00bboff\u00a0\u00bb button_alignment=\u00a0\u00bbcenter\u00a0\u00bb custom_margin=\u00a0\u00bb0px|5px|0px|5px\u00a0\u00bb custom_padding=\u00a0\u00bb0px||\u00a0\u00bb][\/et_pb_cta][\/et_pb_column][et_pb_column type=\u00a0\u00bb1_4&Prime; _builder_version=\u00a0\u00bb3.0.47&Prime; parallax=\u00a0\u00bboff\u00a0\u00bb parallax_method=\u00a0\u00bbon\u00a0\u00bb][et_pb_cta button_url=\u00a0\u00bbhttps:\/\/lecarreadministratif.fr\/index.php\/gestion-de-lactivite\/\u00a0\u00bb button_text=\u00a0\u00bbGESTION DE L&rsquo;ACTIVITE\u00a0\u00bb _builder_version=\u00a0\u00bb3.17.2&Prime; use_background_color=\u00a0\u00bboff\u00a0\u00bb border_color_all=\u00a0\u00bb#ffffff\u00a0\u00bb custom_button=\u00a0\u00bbon\u00a0\u00bb button_border_width=\u00a0\u00bb0px\u00a0\u00bb button_border_radius=\u00a0\u00bb15px\u00a0\u00bb button_font=\u00a0\u00bbBrandon grotesque medium||||||||\u00a0\u00bb button_on_hover=\u00a0\u00bboff\u00a0\u00bb button_alignment=\u00a0\u00bbcenter\u00a0\u00bb custom_margin=\u00a0\u00bb0px|5px|0px|5px\u00a0\u00bb custom_padding=\u00a0\u00bb0px||\u00a0\u00bb][\/et_pb_cta][\/et_pb_column][\/et_pb_row][\/et_pb_section]<\/p>\n","protected":false},"excerpt":{"rendered":"<p>GESTION COMMERCIALE &nbsp; Optimiser votre relation client \u00e0 travers une : &nbsp; Assistance dans la gestion de votre relation client : relances prospects et clients, suivi devis et factures, relance impay\u00e9s&#8230; Cr\u00e9ation et mise \u00e0 jour de fichiers clients, prospects et produits &nbsp; Gagner en efficacit\u00e9 dans vos actions de communication par : &nbsp; La [&hellip;]<\/p>\n","protected":false},"author":2,"featured_media":0,"parent":0,"menu_order":0,"comment_status":"closed","ping_status":"closed","template":"","meta":{"_et_pb_use_builder":"on","_et_pb_old_content":"","_et_gb_content_width":"","_exactmetrics_skip_tracking":false,"_exactmetrics_sitenote_active":false,"_exactmetrics_sitenote_note":"","_exactmetrics_sitenote_category":0},"yoast_head":"<!-- This site is optimized with the Yoast SEO plugin v19.4 - https:\/\/yoast.com\/wordpress\/plugins\/seo\/ -->\n<title>Gestion commerciale - Relation clients - Devis - Factures - CRM - Le carr\u00e9 administratif<\/title>\n<meta name=\"description\" content=\"Assistante ind\u00e9pendante Lille ou votre assistante commerciale pour g\u00e9rer votre relation client, vos devis, vos factures et votre CRM;\" \/>\n<meta name=\"robots\" content=\"index, follow, max-snippet:-1, max-image-preview:large, max-video-preview:-1\" \/>\n<link rel=\"canonical\" href=\"https:\/\/lecarreadministratif.fr\/index.php\/gestion-commerciale\/\" \/>\n<meta property=\"og:locale\" content=\"fr_FR\" \/>\n<meta property=\"og:type\" content=\"article\" \/>\n<meta property=\"og:title\" content=\"Gestion commerciale - Relation clients - Devis - Factures - CRM - Le carr\u00e9 administratif\" \/>\n<meta property=\"og:description\" content=\"Assistante ind\u00e9pendante Lille ou votre assistante commerciale pour g\u00e9rer votre relation client, vos devis, vos factures et votre CRM;\" \/>\n<meta property=\"og:url\" content=\"https:\/\/lecarreadministratif.fr\/index.php\/gestion-commerciale\/\" \/>\n<meta property=\"og:site_name\" content=\"Le carr\u00e9 administratif\" \/>\n<meta property=\"article:modified_time\" content=\"2019-01-14T10:17:19+00:00\" \/>\n<meta name=\"twitter:card\" content=\"summary_large_image\" \/>\n<meta name=\"twitter:label1\" content=\"Dur\u00e9e de lecture estim\u00e9e\" \/>\n\t<meta name=\"twitter:data1\" content=\"3 minutes\" \/>\n<script type=\"application\/ld+json\" class=\"yoast-schema-graph\">{\"@context\":\"https:\/\/schema.org\",\"@graph\":[{\"@type\":\"WebSite\",\"@id\":\"https:\/\/lecarreadministratif.fr\/#website\",\"url\":\"https:\/\/lecarreadministratif.fr\/\",\"name\":\"Le carr\u00e9 administratif\",\"description\":\"G\u00e8re pour vous\",\"potentialAction\":[{\"@type\":\"SearchAction\",\"target\":{\"@type\":\"EntryPoint\",\"urlTemplate\":\"https:\/\/lecarreadministratif.fr\/?s={search_term_string}\"},\"query-input\":\"required name=search_term_string\"}],\"inLanguage\":\"fr-FR\"},{\"@type\":\"WebPage\",\"@id\":\"https:\/\/lecarreadministratif.fr\/index.php\/gestion-commerciale\/\",\"url\":\"https:\/\/lecarreadministratif.fr\/index.php\/gestion-commerciale\/\",\"name\":\"Gestion commerciale - Relation clients - Devis - Factures - CRM - Le carr\u00e9 administratif\",\"isPartOf\":{\"@id\":\"https:\/\/lecarreadministratif.fr\/#website\"},\"datePublished\":\"2018-10-15T09:06:16+00:00\",\"dateModified\":\"2019-01-14T10:17:19+00:00\",\"description\":\"Assistante ind\u00e9pendante Lille ou votre assistante commerciale pour g\u00e9rer votre relation client, vos devis, vos factures et votre CRM;\",\"breadcrumb\":{\"@id\":\"https:\/\/lecarreadministratif.fr\/index.php\/gestion-commerciale\/#breadcrumb\"},\"inLanguage\":\"fr-FR\",\"potentialAction\":[{\"@type\":\"ReadAction\",\"target\":[\"https:\/\/lecarreadministratif.fr\/index.php\/gestion-commerciale\/\"]}]},{\"@type\":\"BreadcrumbList\",\"@id\":\"https:\/\/lecarreadministratif.fr\/index.php\/gestion-commerciale\/#breadcrumb\",\"itemListElement\":[{\"@type\":\"ListItem\",\"position\":1,\"name\":\"Home\",\"item\":\"https:\/\/lecarreadministratif.fr\/\"},{\"@type\":\"ListItem\",\"position\":2,\"name\":\"Gestion commerciale &#8211; Relation clients &#8211; Devis &#8211; Factures &#8211; CRM\"}]}]}<\/script>\n<!-- \/ Yoast SEO plugin. -->","yoast_head_json":{"title":"Gestion commerciale - Relation clients - Devis - Factures - CRM - Le carr\u00e9 administratif","description":"Assistante ind\u00e9pendante Lille ou votre assistante commerciale pour g\u00e9rer votre relation client, vos devis, vos factures et votre CRM;","robots":{"index":"index","follow":"follow","max-snippet":"max-snippet:-1","max-image-preview":"max-image-preview:large","max-video-preview":"max-video-preview:-1"},"canonical":"https:\/\/lecarreadministratif.fr\/index.php\/gestion-commerciale\/","og_locale":"fr_FR","og_type":"article","og_title":"Gestion commerciale - Relation clients - Devis - Factures - CRM - Le carr\u00e9 administratif","og_description":"Assistante ind\u00e9pendante Lille ou votre assistante commerciale pour g\u00e9rer votre relation client, vos devis, vos factures et votre CRM;","og_url":"https:\/\/lecarreadministratif.fr\/index.php\/gestion-commerciale\/","og_site_name":"Le carr\u00e9 administratif","article_modified_time":"2019-01-14T10:17:19+00:00","twitter_card":"summary_large_image","twitter_misc":{"Dur\u00e9e de lecture estim\u00e9e":"3 minutes"},"schema":{"@context":"https:\/\/schema.org","@graph":[{"@type":"WebSite","@id":"https:\/\/lecarreadministratif.fr\/#website","url":"https:\/\/lecarreadministratif.fr\/","name":"Le carr\u00e9 administratif","description":"G\u00e8re pour vous","potentialAction":[{"@type":"SearchAction","target":{"@type":"EntryPoint","urlTemplate":"https:\/\/lecarreadministratif.fr\/?s={search_term_string}"},"query-input":"required name=search_term_string"}],"inLanguage":"fr-FR"},{"@type":"WebPage","@id":"https:\/\/lecarreadministratif.fr\/index.php\/gestion-commerciale\/","url":"https:\/\/lecarreadministratif.fr\/index.php\/gestion-commerciale\/","name":"Gestion commerciale - Relation clients - Devis - Factures - CRM - Le carr\u00e9 administratif","isPartOf":{"@id":"https:\/\/lecarreadministratif.fr\/#website"},"datePublished":"2018-10-15T09:06:16+00:00","dateModified":"2019-01-14T10:17:19+00:00","description":"Assistante ind\u00e9pendante Lille ou votre assistante commerciale pour g\u00e9rer votre relation client, vos devis, vos factures et votre CRM;","breadcrumb":{"@id":"https:\/\/lecarreadministratif.fr\/index.php\/gestion-commerciale\/#breadcrumb"},"inLanguage":"fr-FR","potentialAction":[{"@type":"ReadAction","target":["https:\/\/lecarreadministratif.fr\/index.php\/gestion-commerciale\/"]}]},{"@type":"BreadcrumbList","@id":"https:\/\/lecarreadministratif.fr\/index.php\/gestion-commerciale\/#breadcrumb","itemListElement":[{"@type":"ListItem","position":1,"name":"Home","item":"https:\/\/lecarreadministratif.fr\/"},{"@type":"ListItem","position":2,"name":"Gestion commerciale &#8211; Relation clients &#8211; Devis &#8211; Factures &#8211; CRM"}]}]}},"_links":{"self":[{"href":"https:\/\/lecarreadministratif.fr\/index.php\/wp-json\/wp\/v2\/pages\/59"}],"collection":[{"href":"https:\/\/lecarreadministratif.fr\/index.php\/wp-json\/wp\/v2\/pages"}],"about":[{"href":"https:\/\/lecarreadministratif.fr\/index.php\/wp-json\/wp\/v2\/types\/page"}],"author":[{"embeddable":true,"href":"https:\/\/lecarreadministratif.fr\/index.php\/wp-json\/wp\/v2\/users\/2"}],"replies":[{"embeddable":true,"href":"https:\/\/lecarreadministratif.fr\/index.php\/wp-json\/wp\/v2\/comments?post=59"}],"version-history":[{"count":42,"href":"https:\/\/lecarreadministratif.fr\/index.php\/wp-json\/wp\/v2\/pages\/59\/revisions"}],"predecessor-version":[{"id":1679,"href":"https:\/\/lecarreadministratif.fr\/index.php\/wp-json\/wp\/v2\/pages\/59\/revisions\/1679"}],"wp:attachment":[{"href":"https:\/\/lecarreadministratif.fr\/index.php\/wp-json\/wp\/v2\/media?parent=59"}],"curies":[{"name":"wp","href":"https:\/\/api.w.org\/{rel}","templated":true}]}}