{"id":62,"date":"2018-10-15T11:07:47","date_gmt":"2018-10-15T09:07:47","guid":{"rendered":"https:\/\/lecarreadministratif.fr\/?page_id=62"},"modified":"2019-01-14T11:21:43","modified_gmt":"2019-01-14T10:21:43","slug":"gestion-des-ressources-humaines","status":"publish","type":"page","link":"https:\/\/lecarreadministratif.fr\/index.php\/gestion-des-ressources-humaines\/","title":{"rendered":"Assistante ind\u00e9pendante Lille &#8211; Gestion des ressources humaines"},"content":{"rendered":"<p>[et_pb_section fb_built=\u00a0\u00bb1&Prime; _builder_version=\u00a0\u00bb3.18.2&Prime; background_color=\u00a0\u00bbrgba(0,0,0,0.61)\u00a0\u00bb background_image=\u00a0\u00bbhttps:\/\/lecarreadministratif.fr\/wp-content\/uploads\/Le-carre-administratif-gere-pour-vous-e1545044248519.jpg\u00a0\u00bb custom_padding=\u00a0\u00bb54px|0|54px|0px|false|false\u00a0\u00bb][et_pb_row custom_padding=\u00a0\u00bb27px|22px|27px|22px|false|false\u00a0\u00bb padding_left_2=\u00a0\u00bb22px\u00a0\u00bb _builder_version=\u00a0\u00bb3.17.2&Prime; background_color=\u00a0\u00bb#e94e1b\u00a0\u00bb background_size=\u00a0\u00bbinitial\u00a0\u00bb background_position=\u00a0\u00bbtop_left\u00a0\u00bb background_repeat=\u00a0\u00bbrepeat\u00a0\u00bb][et_pb_column type=\u00a0\u00bb2_5&Prime; _builder_version=\u00a0\u00bb3.0.47&Prime; parallax=\u00a0\u00bboff\u00a0\u00bb parallax_method=\u00a0\u00bbon\u00a0\u00bb][et_pb_image src=\u00a0\u00bbhttps:\/\/lecarreadministratif.fr\/wp-content\/uploads\/Gestion-des-ressources-humaines-Le-carre-administratif.jpg\u00a0\u00bb alt=\u00a0\u00bbLe carr\u00e9 administratif gestion des ressources humaines\u00a0\u00bb title_text=\u00a0\u00bbLe carr\u00e9 administratif gestion des ressources humaines\u00a0\u00bb _builder_version=\u00a0\u00bb3.19.3&Prime; border_color_all=\u00a0\u00bb#ffffff\u00a0\u00bb custom_margin=\u00a0\u00bb32px||\u00a0\u00bb][\/et_pb_image][\/et_pb_column][et_pb_column type=\u00a0\u00bb3_5&Prime; _builder_version=\u00a0\u00bb3.0.47&Prime; padding_left=\u00a0\u00bb22px\u00a0\u00bb parallax=\u00a0\u00bboff\u00a0\u00bb parallax_method=\u00a0\u00bbon\u00a0\u00bb][et_pb_text _builder_version=\u00a0\u00bb3.19.3&Prime; text_font=\u00a0\u00bb||||||||\u00a0\u00bb text_text_color=\u00a0\u00bbrgba(0,0,0,0.64)\u00a0\u00bb header_font=\u00a0\u00bbBrandon grotesque||||||||\u00a0\u00bb header_font_size_phone=\u00a0\u00bb24px\u00a0\u00bb header_font_size_last_edited=\u00a0\u00bbon|phone\u00a0\u00bb header_letter_spacing=\u00a0\u00bb3px\u00a0\u00bb header_2_font=\u00a0\u00bb||||||||\u00a0\u00bb background_color=\u00a0\u00bb#ffffff\u00a0\u00bb custom_margin=\u00a0\u00bb32px||\u00a0\u00bb custom_margin_phone=\u00a0\u00bb|||-17px\u00a0\u00bb custom_margin_last_edited=\u00a0\u00bbon|phone\u00a0\u00bb custom_padding=\u00a0\u00bb50px|20px|15px|29px\u00a0\u00bb hover_enabled=\u00a0\u00bb0&Prime; header_2_font_size_last_edited=\u00a0\u00bbon|phone\u00a0\u00bb header_2_font_size_phone=\u00a0\u00bb24px\u00a0\u00bb]<\/p>\n<h1 style=\"text-align: center;\"><span style=\"color: #e94e1b;\">GESTION DES<br \/> RESSOURCES HUMAINES<\/span><\/h1>\n<p>&nbsp;<\/p>\n<h2>Recrutement et int\u00e9gration du personnel<\/h2>\n<ul>\n<ul>\n<li>Pilotage de vos actions de <strong>recrutement<\/strong> (mise en ligne de l&rsquo;annonce, tri<br \/> des candidatures, planning des entretiens, convocation, &#8230;)<\/li>\n<li>R\u00e9alisation des f<strong>ormalit\u00e9s des entr\u00e9es et sorties du personnel<\/strong> (contrat<br \/> de travail, d\u00e9claration pr\u00e9alable \u00e0 l&#8217;embauche, visite m\u00e9dicale, &#8230;)<\/li>\n<li>Cr\u00e9ation du\u00a0<strong>livret d&rsquo;int\u00e9gration<\/strong>\u00a0\u00a0de votre personnel<\/li>\n<\/ul>\n<\/ul>\n<h2>Gestion de votre volet social<\/h2>\n<ul>\n<li>Cong\u00e9s, RTT, heures suppl\u00e9mentaires, mutuelle, &#8230;<\/li>\n<\/ul>\n<p>&nbsp;<\/p>\n<h2>Formations, incentives<\/h2>\n<ul>\n<ul>\n<li>Organisation de vos<strong> formations, r\u00e9unions, s\u00e9minaires, &#8230;<\/strong><\/li>\n<\/ul>\n<\/ul>\n<h2>Communication interne<\/h2>\n<ul>\n<li>Communication interne<\/li>\n<\/ul>\n<p>[\/et_pb_text][\/et_pb_column][\/et_pb_row][et_pb_row custom_padding=\u00a0\u00bb27px|0px|26px|0px|false|false\u00a0\u00bb _builder_version=\u00a0\u00bb3.17.6&Prime; background_color=\u00a0\u00bb#706f6f\u00a0\u00bb][et_pb_column type=\u00a0\u00bb1_4&Prime; _builder_version=\u00a0\u00bb3.0.47&Prime; parallax=\u00a0\u00bboff\u00a0\u00bb parallax_method=\u00a0\u00bbon\u00a0\u00bb][et_pb_cta button_url=\u00a0\u00bbhttps:\/\/lecarreadministratif.fr\/index.php\/contact\/\u00a0\u00bb button_text=\u00a0\u00bbMe contacter\u00a0\u00bb _builder_version=\u00a0\u00bb3.18.2&Prime; use_background_color=\u00a0\u00bboff\u00a0\u00bb custom_button=\u00a0\u00bbon\u00a0\u00bb button_border_width=\u00a0\u00bb18px\u00a0\u00bb button_border_radius=\u00a0\u00bb17px\u00a0\u00bb button_font=\u00a0\u00bbBrandon grotesque medium||||||||\u00a0\u00bb button_icon=\u00a0\u00bb%%40%%\u00a0\u00bb custom_padding=\u00a0\u00bb1px||\u00a0\u00bb][\/et_pb_cta][\/et_pb_column][et_pb_column type=\u00a0\u00bb1_4&Prime; _builder_version=\u00a0\u00bb3.0.47&Prime; parallax=\u00a0\u00bboff\u00a0\u00bb parallax_method=\u00a0\u00bbon\u00a0\u00bb][et_pb_cta button_url=\u00a0\u00bbhttps:\/\/lecarreadministratif.fr\/index.php\/gestion&#8211;administrative\/\u00a0\u00bb button_text=\u00a0\u00bbGESTION ADMINISTRATIVE\u00a0\u00bb _builder_version=\u00a0\u00bb3.17.2&Prime; use_background_color=\u00a0\u00bboff\u00a0\u00bb border_color_all=\u00a0\u00bb#ffffff\u00a0\u00bb custom_button=\u00a0\u00bbon\u00a0\u00bb button_border_width=\u00a0\u00bb0px\u00a0\u00bb button_border_radius=\u00a0\u00bb15px\u00a0\u00bb button_font=\u00a0\u00bbBrandon grotesque medium||||||||\u00a0\u00bb button_on_hover=\u00a0\u00bboff\u00a0\u00bb button_alignment=\u00a0\u00bbcenter\u00a0\u00bb custom_margin=\u00a0\u00bb0px|5px|0px|5px\u00a0\u00bb custom_padding=\u00a0\u00bb0px||\u00a0\u00bb][\/et_pb_cta][\/et_pb_column][et_pb_column type=\u00a0\u00bb1_4&Prime; _builder_version=\u00a0\u00bb3.0.47&Prime; parallax=\u00a0\u00bboff\u00a0\u00bb parallax_method=\u00a0\u00bbon\u00a0\u00bb][et_pb_cta button_url=\u00a0\u00bbhttps:\/\/lecarreadministratif.fr\/index.php\/gestion-commerciale\/\u00a0\u00bb button_text=\u00a0\u00bbGESTION COMMERCIALE\u00a0\u00bb _builder_version=\u00a0\u00bb3.17.2&Prime; use_background_color=\u00a0\u00bboff\u00a0\u00bb border_color_all=\u00a0\u00bb#ffffff\u00a0\u00bb custom_button=\u00a0\u00bbon\u00a0\u00bb button_border_width=\u00a0\u00bb0px\u00a0\u00bb button_border_radius=\u00a0\u00bb15px\u00a0\u00bb button_font=\u00a0\u00bbBrandon grotesque medium||||||||\u00a0\u00bb button_on_hover=\u00a0\u00bboff\u00a0\u00bb button_alignment=\u00a0\u00bbcenter\u00a0\u00bb custom_margin=\u00a0\u00bb0px|5px|0px|5px\u00a0\u00bb custom_padding=\u00a0\u00bb0px||\u00a0\u00bb][\/et_pb_cta][\/et_pb_column][et_pb_column type=\u00a0\u00bb1_4&Prime; _builder_version=\u00a0\u00bb3.0.47&Prime; parallax=\u00a0\u00bboff\u00a0\u00bb parallax_method=\u00a0\u00bbon\u00a0\u00bb][et_pb_cta button_url=\u00a0\u00bbhttps:\/\/lecarreadministratif.fr\/index.php\/gestion-de-lactivite\/\u00a0\u00bb button_text=\u00a0\u00bbGESTION DE L&rsquo;ACTIVITE\u00a0\u00bb _builder_version=\u00a0\u00bb3.17.2&Prime; use_background_color=\u00a0\u00bboff\u00a0\u00bb border_color_all=\u00a0\u00bb#ffffff\u00a0\u00bb custom_button=\u00a0\u00bbon\u00a0\u00bb button_border_width=\u00a0\u00bb0px\u00a0\u00bb button_border_radius=\u00a0\u00bb15px\u00a0\u00bb button_font=\u00a0\u00bbBrandon grotesque medium||||||||\u00a0\u00bb button_on_hover=\u00a0\u00bboff\u00a0\u00bb button_alignment=\u00a0\u00bbcenter\u00a0\u00bb custom_margin=\u00a0\u00bb0px|5px|0px|5px\u00a0\u00bb custom_padding=\u00a0\u00bb0px||\u00a0\u00bb][\/et_pb_cta][\/et_pb_column][\/et_pb_row][\/et_pb_section]<\/p>\n","protected":false},"excerpt":{"rendered":"<p>GESTION DES RESSOURCES HUMAINES &nbsp; Recrutement et int\u00e9gration du personnel Pilotage de vos actions de recrutement (mise en ligne de l&rsquo;annonce, tri des candidatures, planning des entretiens, convocation, &#8230;) R\u00e9alisation des formalit\u00e9s des entr\u00e9es et sorties du personnel (contrat de travail, d\u00e9claration pr\u00e9alable \u00e0 l&#8217;embauche, visite m\u00e9dicale, &#8230;) Cr\u00e9ation du\u00a0livret d&rsquo;int\u00e9gration\u00a0\u00a0de votre personnel Gestion de [&hellip;]<\/p>\n","protected":false},"author":2,"featured_media":0,"parent":0,"menu_order":0,"comment_status":"closed","ping_status":"closed","template":"","meta":{"_et_pb_use_builder":"on","_et_pb_old_content":"","_et_gb_content_width":"","_exactmetrics_skip_tracking":false,"_exactmetrics_sitenote_active":false,"_exactmetrics_sitenote_note":"","_exactmetrics_sitenote_category":0},"yoast_head":"<!-- This site is optimized with the Yoast SEO plugin v19.4 - https:\/\/yoast.com\/wordpress\/plugins\/seo\/ -->\n<title>Assistante ind\u00e9pendante Lille - Gestion des ressources humaines - Le carr\u00e9 administratif<\/title>\n<meta name=\"description\" content=\"Secr\u00e9taire ind\u00e9pendante Lille et environs effectue vos recrutements ainsi que l&#039;int\u00e9gration de vos salari\u00e9s, leur formation, la gestion sociale.\" \/>\n<meta name=\"robots\" content=\"index, follow, max-snippet:-1, max-image-preview:large, max-video-preview:-1\" \/>\n<link rel=\"canonical\" href=\"https:\/\/lecarreadministratif.fr\/index.php\/gestion-des-ressources-humaines\/\" \/>\n<meta property=\"og:locale\" content=\"fr_FR\" \/>\n<meta property=\"og:type\" content=\"article\" \/>\n<meta property=\"og:title\" content=\"Assistante ind\u00e9pendante Lille - Gestion des ressources humaines - Le carr\u00e9 administratif\" \/>\n<meta property=\"og:description\" content=\"Secr\u00e9taire ind\u00e9pendante Lille et environs effectue vos recrutements ainsi que l&#039;int\u00e9gration de vos salari\u00e9s, leur formation, la gestion sociale.\" \/>\n<meta property=\"og:url\" content=\"https:\/\/lecarreadministratif.fr\/index.php\/gestion-des-ressources-humaines\/\" \/>\n<meta property=\"og:site_name\" content=\"Le carr\u00e9 administratif\" \/>\n<meta property=\"article:modified_time\" content=\"2019-01-14T10:21:43+00:00\" \/>\n<meta name=\"twitter:card\" content=\"summary_large_image\" \/>\n<meta name=\"twitter:label1\" content=\"Dur\u00e9e de lecture estim\u00e9e\" \/>\n\t<meta name=\"twitter:data1\" content=\"3 minutes\" \/>\n<script type=\"application\/ld+json\" class=\"yoast-schema-graph\">{\"@context\":\"https:\/\/schema.org\",\"@graph\":[{\"@type\":\"WebSite\",\"@id\":\"https:\/\/lecarreadministratif.fr\/#website\",\"url\":\"https:\/\/lecarreadministratif.fr\/\",\"name\":\"Le carr\u00e9 administratif\",\"description\":\"G\u00e8re pour vous\",\"potentialAction\":[{\"@type\":\"SearchAction\",\"target\":{\"@type\":\"EntryPoint\",\"urlTemplate\":\"https:\/\/lecarreadministratif.fr\/?s={search_term_string}\"},\"query-input\":\"required name=search_term_string\"}],\"inLanguage\":\"fr-FR\"},{\"@type\":\"WebPage\",\"@id\":\"https:\/\/lecarreadministratif.fr\/index.php\/gestion-des-ressources-humaines\/\",\"url\":\"https:\/\/lecarreadministratif.fr\/index.php\/gestion-des-ressources-humaines\/\",\"name\":\"Assistante ind\u00e9pendante Lille - Gestion des ressources humaines - Le carr\u00e9 administratif\",\"isPartOf\":{\"@id\":\"https:\/\/lecarreadministratif.fr\/#website\"},\"datePublished\":\"2018-10-15T09:07:47+00:00\",\"dateModified\":\"2019-01-14T10:21:43+00:00\",\"description\":\"Secr\u00e9taire ind\u00e9pendante Lille et environs effectue vos recrutements ainsi que l'int\u00e9gration de vos salari\u00e9s, leur formation, la gestion sociale.\",\"breadcrumb\":{\"@id\":\"https:\/\/lecarreadministratif.fr\/index.php\/gestion-des-ressources-humaines\/#breadcrumb\"},\"inLanguage\":\"fr-FR\",\"potentialAction\":[{\"@type\":\"ReadAction\",\"target\":[\"https:\/\/lecarreadministratif.fr\/index.php\/gestion-des-ressources-humaines\/\"]}]},{\"@type\":\"BreadcrumbList\",\"@id\":\"https:\/\/lecarreadministratif.fr\/index.php\/gestion-des-ressources-humaines\/#breadcrumb\",\"itemListElement\":[{\"@type\":\"ListItem\",\"position\":1,\"name\":\"Home\",\"item\":\"https:\/\/lecarreadministratif.fr\/\"},{\"@type\":\"ListItem\",\"position\":2,\"name\":\"Assistante ind\u00e9pendante Lille &#8211; Gestion des ressources humaines\"}]}]}<\/script>\n<!-- \/ Yoast SEO plugin. -->","yoast_head_json":{"title":"Assistante ind\u00e9pendante Lille - Gestion des ressources humaines - Le carr\u00e9 administratif","description":"Secr\u00e9taire ind\u00e9pendante Lille et environs effectue vos recrutements ainsi que l'int\u00e9gration de vos salari\u00e9s, leur formation, la gestion sociale.","robots":{"index":"index","follow":"follow","max-snippet":"max-snippet:-1","max-image-preview":"max-image-preview:large","max-video-preview":"max-video-preview:-1"},"canonical":"https:\/\/lecarreadministratif.fr\/index.php\/gestion-des-ressources-humaines\/","og_locale":"fr_FR","og_type":"article","og_title":"Assistante ind\u00e9pendante Lille - Gestion des ressources humaines - Le carr\u00e9 administratif","og_description":"Secr\u00e9taire ind\u00e9pendante Lille et environs effectue vos recrutements ainsi que l'int\u00e9gration de vos salari\u00e9s, leur formation, la gestion sociale.","og_url":"https:\/\/lecarreadministratif.fr\/index.php\/gestion-des-ressources-humaines\/","og_site_name":"Le carr\u00e9 administratif","article_modified_time":"2019-01-14T10:21:43+00:00","twitter_card":"summary_large_image","twitter_misc":{"Dur\u00e9e de lecture estim\u00e9e":"3 minutes"},"schema":{"@context":"https:\/\/schema.org","@graph":[{"@type":"WebSite","@id":"https:\/\/lecarreadministratif.fr\/#website","url":"https:\/\/lecarreadministratif.fr\/","name":"Le carr\u00e9 administratif","description":"G\u00e8re pour vous","potentialAction":[{"@type":"SearchAction","target":{"@type":"EntryPoint","urlTemplate":"https:\/\/lecarreadministratif.fr\/?s={search_term_string}"},"query-input":"required name=search_term_string"}],"inLanguage":"fr-FR"},{"@type":"WebPage","@id":"https:\/\/lecarreadministratif.fr\/index.php\/gestion-des-ressources-humaines\/","url":"https:\/\/lecarreadministratif.fr\/index.php\/gestion-des-ressources-humaines\/","name":"Assistante ind\u00e9pendante Lille - Gestion des ressources humaines - Le carr\u00e9 administratif","isPartOf":{"@id":"https:\/\/lecarreadministratif.fr\/#website"},"datePublished":"2018-10-15T09:07:47+00:00","dateModified":"2019-01-14T10:21:43+00:00","description":"Secr\u00e9taire ind\u00e9pendante Lille et environs effectue vos recrutements ainsi que l'int\u00e9gration de vos salari\u00e9s, leur formation, la gestion sociale.","breadcrumb":{"@id":"https:\/\/lecarreadministratif.fr\/index.php\/gestion-des-ressources-humaines\/#breadcrumb"},"inLanguage":"fr-FR","potentialAction":[{"@type":"ReadAction","target":["https:\/\/lecarreadministratif.fr\/index.php\/gestion-des-ressources-humaines\/"]}]},{"@type":"BreadcrumbList","@id":"https:\/\/lecarreadministratif.fr\/index.php\/gestion-des-ressources-humaines\/#breadcrumb","itemListElement":[{"@type":"ListItem","position":1,"name":"Home","item":"https:\/\/lecarreadministratif.fr\/"},{"@type":"ListItem","position":2,"name":"Assistante ind\u00e9pendante Lille &#8211; Gestion des ressources humaines"}]}]}},"_links":{"self":[{"href":"https:\/\/lecarreadministratif.fr\/index.php\/wp-json\/wp\/v2\/pages\/62"}],"collection":[{"href":"https:\/\/lecarreadministratif.fr\/index.php\/wp-json\/wp\/v2\/pages"}],"about":[{"href":"https:\/\/lecarreadministratif.fr\/index.php\/wp-json\/wp\/v2\/types\/page"}],"author":[{"embeddable":true,"href":"https:\/\/lecarreadministratif.fr\/index.php\/wp-json\/wp\/v2\/users\/2"}],"replies":[{"embeddable":true,"href":"https:\/\/lecarreadministratif.fr\/index.php\/wp-json\/wp\/v2\/comments?post=62"}],"version-history":[{"count":35,"href":"https:\/\/lecarreadministratif.fr\/index.php\/wp-json\/wp\/v2\/pages\/62\/revisions"}],"predecessor-version":[{"id":1683,"href":"https:\/\/lecarreadministratif.fr\/index.php\/wp-json\/wp\/v2\/pages\/62\/revisions\/1683"}],"wp:attachment":[{"href":"https:\/\/lecarreadministratif.fr\/index.php\/wp-json\/wp\/v2\/media?parent=62"}],"curies":[{"name":"wp","href":"https:\/\/api.w.org\/{rel}","templated":true}]}}